{"id":23957,"date":"2023-11-18T16:30:57","date_gmt":"2023-11-18T15:30:57","guid":{"rendered":"https:\/\/www.salutacoach.ch\/foire-aux-questions\/"},"modified":"2026-02-10T18:12:42","modified_gmt":"2026-02-10T17:12:42","slug":"foire-aux-questions","status":"publish","type":"page","link":"https:\/\/www.salutacoach.ch\/fr\/foire-aux-questions\/","title":{"rendered":"FAQ"},"content":{"rendered":"\t\t<div data-elementor-type=\"wp-page\" data-elementor-id=\"23957\" class=\"elementor elementor-23957 elementor-6226\" data-elementor-post-type=\"page\">\n\t\t\t\t<div data-particle_enable=\"false\" data-particle-mobile-disabled=\"false\" class=\"elementor-element elementor-element-9643cde e-flex e-con-boxed elementor-invisible e-con e-parent\" data-id=\"9643cde\" data-element_type=\"container\" data-e-type=\"container\" data-settings=\"{&quot;background_background&quot;:&quot;classic&quot;,&quot;animation&quot;:&quot;fadeIn&quot;}\">\n\t\t\t\t\t<div class=\"e-con-inner\">\n\t\t\t\t<div class=\"elementor-element elementor-element-5e205e4c elementor-widget elementor-widget-heading\" data-id=\"5e205e4c\" data-element_type=\"widget\" data-e-type=\"widget\" data-widget_type=\"heading.default\">\n\t\t\t\t<div class=\"elementor-widget-container\">\n\t\t\t\t\t<h1 class=\"elementor-heading-title elementor-size-default\">Coaching sant\u00e9 personnel ?<\/h1>\t\t\t\t<\/div>\n\t\t\t\t<\/div>\n\t\t\t\t\t<\/div>\n\t\t\t\t<\/div>\n\t\t<div data-particle_enable=\"false\" data-particle-mobile-disabled=\"false\" class=\"elementor-element elementor-element-679848ed e-flex e-con-boxed elementor-invisible e-con e-parent\" data-id=\"679848ed\" data-element_type=\"container\" data-e-type=\"container\" data-settings=\"{&quot;background_background&quot;:&quot;classic&quot;,&quot;animation&quot;:&quot;fadeIn&quot;}\">\n\t\t\t\t\t<div class=\"e-con-inner\">\n\t\t<div data-particle_enable=\"false\" data-particle-mobile-disabled=\"false\" class=\"elementor-element elementor-element-496e200e e-con-full e-flex e-con e-child\" data-id=\"496e200e\" data-element_type=\"container\" data-e-type=\"container\" data-settings=\"{&quot;background_background&quot;:&quot;classic&quot;}\">\n\t\t<div data-particle_enable=\"false\" data-particle-mobile-disabled=\"false\" class=\"elementor-element elementor-element-4cbc01d0 e-con-full e-flex e-con e-child\" data-id=\"4cbc01d0\" data-element_type=\"container\" data-e-type=\"container\" data-settings=\"{&quot;background_background&quot;:&quot;classic&quot;}\">\n\t\t<div data-particle_enable=\"false\" data-particle-mobile-disabled=\"false\" class=\"elementor-element elementor-element-d6539b3 e-con-full e-flex e-con e-child\" data-id=\"d6539b3\" data-element_type=\"container\" data-e-type=\"container\" data-settings=\"{&quot;background_background&quot;:&quot;classic&quot;}\">\n\t\t\t\t<div class=\"elementor-element elementor-element-52f69ab4 elementor-widget elementor-widget-heading\" data-id=\"52f69ab4\" data-element_type=\"widget\" data-e-type=\"widget\" data-widget_type=\"heading.default\">\n\t\t\t\t<div class=\"elementor-widget-container\">\n\t\t\t\t\t<h2 class=\"elementor-heading-title elementor-size-default\">Foire aux questions<\/h2>\t\t\t\t<\/div>\n\t\t\t\t<\/div>\n\t\t<div data-particle_enable=\"false\" data-particle-mobile-disabled=\"false\" class=\"elementor-element elementor-element-5a68f1a4 e-con-full e-flex e-con e-child\" data-id=\"5a68f1a4\" data-element_type=\"container\" data-e-type=\"container\">\n\t\t\t\t<div class=\"elementor-element elementor-element-50c3eaea elementor-widget__width-auto elementor-widget elementor-widget-button\" data-id=\"50c3eaea\" data-element_type=\"widget\" data-e-type=\"widget\" data-widget_type=\"button.default\">\n\t\t\t\t<div class=\"elementor-widget-container\">\n\t\t\t\t\t\t\t\t\t<div class=\"elementor-button-wrapper\">\n\t\t\t\t\t<a class=\"elementor-button elementor-button-link elementor-size-sm\" href=\"#kostenkk\">\n\t\t\t\t\t\t<span class=\"elementor-button-content-wrapper\">\n\t\t\t\t\t\t\t\t\t<span class=\"elementor-button-text\">Contribution aux frais de l'assurance maladie<\/span>\n\t\t\t\t\t<\/span>\n\t\t\t\t\t<\/a>\n\t\t\t\t<\/div>\n\t\t\t\t\t\t\t\t<\/div>\n\t\t\t\t<\/div>\n\t\t\t\t<div class=\"elementor-element elementor-element-6f15b1dc elementor-widget__width-auto elementor-widget elementor-widget-button\" data-id=\"6f15b1dc\" data-element_type=\"widget\" data-e-type=\"widget\" data-widget_type=\"button.default\">\n\t\t\t\t<div class=\"elementor-widget-container\">\n\t\t\t\t\t\t\t\t\t<div class=\"elementor-button-wrapper\">\n\t\t\t\t\t<a class=\"elementor-button elementor-button-link elementor-size-sm\" href=\"#wiesophc\">\n\t\t\t\t\t\t<span class=\"elementor-button-content-wrapper\">\n\t\t\t\t\t\t\t\t\t<span class=\"elementor-button-text\">Pourquoi phc ?<\/span>\n\t\t\t\t\t<\/span>\n\t\t\t\t\t<\/a>\n\t\t\t\t<\/div>\n\t\t\t\t\t\t\t\t<\/div>\n\t\t\t\t<\/div>\n\t\t\t\t<div class=\"elementor-element elementor-element-afef59e elementor-widget__width-auto elementor-widget elementor-widget-button\" data-id=\"afef59e\" data-element_type=\"widget\" data-e-type=\"widget\" data-widget_type=\"button.default\">\n\t\t\t\t<div class=\"elementor-widget-container\">\n\t\t\t\t\t\t\t\t\t<div class=\"elementor-button-wrapper\">\n\t\t\t\t\t<a class=\"elementor-button elementor-button-link elementor-size-sm\" href=\"#plattform\">\n\t\t\t\t\t\t<span class=\"elementor-button-content-wrapper\">\n\t\t\t\t\t\t\t\t\t<span class=\"elementor-button-text\">Plate-forme<\/span>\n\t\t\t\t\t<\/span>\n\t\t\t\t\t<\/a>\n\t\t\t\t<\/div>\n\t\t\t\t\t\t\t\t<\/div>\n\t\t\t\t<\/div>\n\t\t\t\t<\/div>\n\t\t\t\t<\/div>\n\t\t\t\t<\/div>\n\t\t\t\t<\/div>\n\t\t\t\t\t<\/div>\n\t\t\t\t<\/div>\n\t\t<div data-particle_enable=\"false\" data-particle-mobile-disabled=\"false\" class=\"elementor-element elementor-element-239e294b e-flex e-con-boxed elementor-invisible e-con e-parent\" data-id=\"239e294b\" data-element_type=\"container\" data-e-type=\"container\" data-settings=\"{&quot;animation&quot;:&quot;fadeIn&quot;}\">\n\t\t\t\t\t<div class=\"e-con-inner\">\n\t\t\t\t<div class=\"elementor-element elementor-element-77e3e935 elementor-widget elementor-widget-heading\" data-id=\"77e3e935\" data-element_type=\"widget\" data-e-type=\"widget\" data-widget_type=\"heading.default\">\n\t\t\t\t<div class=\"elementor-widget-container\">\n\t\t\t\t\t<h5 class=\"elementor-heading-title elementor-size-default\">Le coaching de sant\u00e9 personnel ou coaching de sant\u00e9 est une m\u00e9thode de coaching encore assez peu connue.\nD\u00e9couvrez les nombreux avantages de cette m\u00e9thode de coaching innovante et efficace. <\/h5>\t\t\t\t<\/div>\n\t\t\t\t<\/div>\n\t\t\t\t\t<\/div>\n\t\t\t\t<\/div>\n\t\t<div data-particle_enable=\"false\" data-particle-mobile-disabled=\"false\" class=\"elementor-element elementor-element-6edda3da e-flex e-con-boxed e-con e-parent\" data-id=\"6edda3da\" data-element_type=\"container\" data-e-type=\"container\" id=\"kostenkk\">\n\t\t\t\t\t<div class=\"e-con-inner\">\n\t\t<div data-particle_enable=\"false\" data-particle-mobile-disabled=\"false\" class=\"elementor-element elementor-element-10ec8d0e e-con-full e-flex e-con e-child\" data-id=\"10ec8d0e\" data-element_type=\"container\" data-e-type=\"container\" data-settings=\"{&quot;background_background&quot;:&quot;classic&quot;}\">\n\t\t\t\t<div class=\"elementor-element elementor-element-4a366b42 elementor-widget elementor-widget-heading\" data-id=\"4a366b42\" data-element_type=\"widget\" data-e-type=\"widget\" data-widget_type=\"heading.default\">\n\t\t\t\t<div class=\"elementor-widget-container\">\n\t\t\t\t\t<h2 class=\"elementor-heading-title elementor-size-default\">Combien ma caisse maladie paie-t-elle ?<\/h2>\t\t\t\t<\/div>\n\t\t\t\t<\/div>\n\t\t\t\t<div class=\"elementor-element elementor-element-6230076e elementor-widget elementor-widget-text-editor\" data-id=\"6230076e\" data-element_type=\"widget\" data-e-type=\"widget\" data-widget_type=\"text-editor.default\">\n\t\t\t\t<div class=\"elementor-widget-container\">\n\t\t\t\t\t\t\t\t\t<p><span data-contrast=\"auto\">Le Personal Health Coaching est soutenu par diff\u00e9rentes assurances maladie dans le cadre de l&rsquo;assurance compl\u00e9mentaire.\nLes cotisations varient d&rsquo;une assurance maladie \u00e0 l&rsquo;autre.\nVous trouverez ci-dessous un aper\u00e7u des assurances maladie et de leurs \u00e9ventuelles contributions de soutien.    <\/span><\/p><p><strong>Nous vous recommandons de toujours demander une garantie de prise en charge \u00e0 votre assurance afin de conna\u00eetre le montant d\u00e9finitif.<\/strong><\/p><p> <\/p>\t\t\t\t\t\t\t\t<\/div>\n\t\t\t\t<\/div>\n\t\t\t\t<div class=\"elementor-element elementor-element-62da40ab elementor-widget elementor-widget-toggle\" data-id=\"62da40ab\" data-element_type=\"widget\" data-e-type=\"widget\" data-widget_type=\"toggle.default\">\n\t\t\t\t<div class=\"elementor-widget-container\">\n\t\t\t\t\t\t\t<div class=\"elementor-toggle\">\n\t\t\t\t\t\t\t<div class=\"elementor-toggle-item\">\n\t\t\t\t\t<div id=\"elementor-tab-title-1651\" class=\"elementor-tab-title\" data-tab=\"1\" role=\"button\" aria-controls=\"elementor-tab-content-1651\" aria-expanded=\"false\">\n\t\t\t\t\t\t\t\t\t\t\t\t<span class=\"elementor-toggle-icon elementor-toggle-icon-left\" aria-hidden=\"true\">\n\t\t\t\t\t\t\t\t\t\t\t\t\t\t\t<span class=\"elementor-toggle-icon-closed\"><i class=\"fas fa-caret-right\"><\/i><\/span>\n\t\t\t\t\t\t\t\t<span class=\"elementor-toggle-icon-opened\"><i class=\"elementor-toggle-icon-opened fas fa-caret-up\"><\/i><\/span>\n\t\t\t\t\t\t\t\t\t\t\t\t\t<\/span>\n\t\t\t\t\t\t\t\t\t\t\t\t<a class=\"elementor-toggle-title\" tabindex=\"0\">Helsana<\/a>\n\t\t\t\t\t<\/div>\n\n\t\t\t\t\t<div id=\"elementor-tab-content-1651\" class=\"elementor-tab-content elementor-clearfix\" data-tab=\"1\" role=\"region\" aria-labelledby=\"elementor-tab-title-1651\"><p>Les clients et clientes HELSANA b\u00e9n\u00e9ficient de conditions sp\u00e9ciales et vous soutiennent en outre avec des contributions de l&rsquo;assurance compl\u00e9mentaire <b>PRIMEO<\/b> \u00e0 hauteur de <b>90% des co\u00fbts, jusqu&rsquo;\u00e0 un maximum de 5&rsquo;000 francs<\/b> par ann\u00e9e civile.<\/p>\n<p>Apprenez-en plus sur : <a href=\"https:\/\/www.salutacoach.ch\/fr\/helsana\/\">HELSANA &#8211; Coaching sant\u00e9 personnel <\/a> <\/p>\n<table style=\"font-weight: 400; height: 224px;\" width=\"467\" data-tablestyle=\"MsoTableGrid\" data-tablelook=\"1184\" aria-rowcount=\"5\">\n<tbody>\n<tr aria-rowindex=\"1\">\n<td data-celllook=\"0\"><b><span data-contrast=\"auto\">Offre clients Helsana<\/span><\/b><\/td>\n<td data-celllook=\"0\"><b><span data-contrast=\"auto\">PRIMEO<\/span><\/b><br \/><b><span data-contrast=\"auto\">(90%, max. 5000 CHF) <\/span><\/b><span data-ccp-props=\"{\"> <\/span><span style=\"font-family: inherit; font-size: inherit;\"> <\/span><\/td>\n<td data-celllook=\"0\"><b><span data-contrast=\"auto\">Franchise<\/span><\/b><span data-ccp-props=\"{\"> <\/span><\/td>\n<\/tr>\n<tr aria-rowindex=\"2\">\n<td data-celllook=\"0\">\n  <span data-contrast=\"auto\">1 mois : CHF 290<\/span>\n<\/td>\n<td data-celllook=\"0\">\n  <span data-contrast=\"auto\">CHF 261<\/span>\n<\/td>\n<td data-celllook=\"65536\">\n  <b><br \/>\n    <span data-contrast=\"auto\">CHF 29<\/span><br \/>\n  <\/b><br \/>\n  <span data-ccp-props=\"{\"> <\/span>\n<\/td>\n<\/tr>\n<tr aria-rowindex=\"3\">\n<td data-celllook=\"0\">\n  <span data-contrast=\"auto\">3 mois : CHF 590<\/span><br \/>\n  <span data-ccp-props=\"{\"> au lieu de CHF 690<\/span>\n<\/td>\n<td data-celllook=\"0\">\n  <span data-contrast=\"auto\">CHF 531<\/span>\n<\/td>\n<td data-celllook=\"65536\">\n  <b><br \/>\n    <span data-contrast=\"auto\">CHF 59<\/span><br \/>\n  <\/b>\n<\/td>\n<\/tr>\n<tr aria-rowindex=\"4\">\n<td data-celllook=\"0\">\n  <span data-contrast=\"auto\">6 mois : CHF 950<\/span><br \/>\n  <span data-ccp-props=\"{\"> au lieu de CHF 1090<\/span>\n<\/td>\n<td data-celllook=\"0\">\n  <span data-contrast=\"auto\">CHF 855<\/span>\n<\/td>\n<td data-celllook=\"65536\">\n  <b><br \/>\n    <span data-contrast=\"auto\">CHF 95<\/span><br \/>\n  <\/b><br \/>\n  <span data-ccp-props=\"{\"> <\/span>\n<\/td>\n<\/tr>\n<tr aria-rowindex=\"5\">\n<td data-celllook=\"0\">\n  <span data-contrast=\"auto\">12 mois : CHF 2510<\/span><br \/>\n  <span data-ccp-props=\"{\"> au lieu de 2790<\/span>\n<\/td>\n<td data-celllook=\"0\">\n  <span data-contrast=\"auto\">CHF 2259<\/span>\n<\/td>\n<td data-celllook=\"65536\">\n  <b><br \/>\n    <span data-contrast=\"auto\">CHF 251<\/span><br \/>\n  <\/b><br \/>\n  <span data-ccp-props=\"{\"> <\/span>\n<\/td>\n<\/tr>\n<\/tbody>\n<\/table>\n<\/div>\n\t\t\t\t<\/div>\n\t\t\t\t\t\t\t<div class=\"elementor-toggle-item\">\n\t\t\t\t\t<div id=\"elementor-tab-title-1652\" class=\"elementor-tab-title\" data-tab=\"2\" role=\"button\" aria-controls=\"elementor-tab-content-1652\" aria-expanded=\"false\">\n\t\t\t\t\t\t\t\t\t\t\t\t<span class=\"elementor-toggle-icon elementor-toggle-icon-left\" aria-hidden=\"true\">\n\t\t\t\t\t\t\t\t\t\t\t\t\t\t\t<span class=\"elementor-toggle-icon-closed\"><i class=\"fas fa-caret-right\"><\/i><\/span>\n\t\t\t\t\t\t\t\t<span class=\"elementor-toggle-icon-opened\"><i class=\"elementor-toggle-icon-opened fas fa-caret-up\"><\/i><\/span>\n\t\t\t\t\t\t\t\t\t\t\t\t\t<\/span>\n\t\t\t\t\t\t\t\t\t\t\t\t<a class=\"elementor-toggle-title\" tabindex=\"0\">SWICA  <\/a>\n\t\t\t\t\t<\/div>\n\n\t\t\t\t\t<div id=\"elementor-tab-content-1652\" class=\"elementor-tab-content elementor-clearfix\" data-tab=\"2\" role=\"region\" aria-labelledby=\"elementor-tab-title-1652\"><p><span class=\"TextRun SCXW104708841 BCX0\" lang=\"DE-CH\" data-contrast=\"auto\" xml:lang=\"DE-CH\"><br \/>\n  <span class=\"NormalTextRun SCXW104708841 BCX0\">Les clients et clientes de SWICA b\u00e9n\u00e9ficient de <strong>prix sp\u00e9ciaux pour les offres de coaching<\/strong> (env. -10%) <strong>. En outre<\/strong>, SWICA vous soutient dans le cadre de l&rsquo;<strong>assurance compl\u00e9mentaire <\/strong>. <\/span><br \/>\n<\/span><span class=\"TextRun SCXW104708841 BCX0\" lang=\"DE-CH\" data-contrast=\"auto\" xml:lang=\"DE-CH\"><br \/>\n  <span class=\"NormalTextRun SCXW104708841 BCX0\">COMPLETA PRAEVENTA \u00e0 hauteur de 50%. <\/span><br \/>\n<\/span><span class=\"TextRun SCXW104708841 BCX0\" lang=\"DE-CH\" data-contrast=\"auto\" xml:lang=\"DE-CH\"><br \/>\n  <span class=\"NormalTextRun SCXW104708841 BCX0\">des co\u00fbts, mais de <\/span><br \/>\n<\/span><span class=\"TextRun SCXW104708841 BCX0\" lang=\"DE-CH\" data-contrast=\"auto\" xml:lang=\"DE-CH\"><br \/>\n  <span class=\"NormalTextRun SCXW104708841 BCX0\">500 francs au maximum<\/span><br \/>\n<\/span><span class=\"TextRun SCXW104708841 BCX0\" lang=\"DE-CH\" xml:lang=\"DE-CH\" data-contrast=\"auto\"><span class=\"NormalTextRun SCXW104708841 BCX0\"> par ann\u00e9e civile. L&rsquo;assurance compl\u00e9mentaire <\/span><\/span><span class=\"TextRun SCXW104708841 BCX0\" lang=\"DE-CH\" data-contrast=\"auto\" xml:lang=\"DE-CH\"><br \/>\n  <span class=\"NormalTextRun SCXW104708841 BCX0\">OPTIMA<\/span><br \/>\n<\/span><span class=\"TextRun SCXW104708841 BCX0\" lang=\"DE-CH\" data-contrast=\"auto\" xml:lang=\"DE-CH\"><br \/>\n  <span class=\"NormalTextRun SCXW104708841 BCX0\"> couvre <\/span><br \/>\n<\/span><span class=\"TextRun SCXW104708841 BCX0\" lang=\"DE-CH\" data-contrast=\"auto\" xml:lang=\"DE-CH\"><br \/>\n  <span class=\"NormalTextRun SCXW104708841 BCX0\">en outre 90% des <\/span><br \/>\n  <span class=\"NormalTextRun ContextualSpellingAndGrammarErrorV2 SCXW104708841 BCX0\">de l&rsquo;assurance.<\/span><br \/>\n<\/span><span class=\"TextRun SCXW104708841 BCX0\" lang=\"DE-CH\" xml:lang=\"DE-CH\" data-contrast=\"auto\"><span class=\"NormalTextRun SCXW104708841 BCX0\"> <\/span><\/span><span class=\"TextRun SCXW104708841 BCX0\" lang=\"DE-CH\" data-contrast=\"auto\" xml:lang=\"DE-CH\"><span class=\"NormalTextRun SCXW104708841 BCX0\">Co\u00fbts<\/span><\/span><span class=\"TextRun SCXW104708841 BCX0\" lang=\"DE-CH\" data-contrast=\"auto\" xml:lang=\"DE-CH\"><span class=\"NormalTextRun SCXW104708841 BCX0\">, mais <\/span><\/span><span class=\"TextRun SCXW104708841 BCX0\" lang=\"DE-CH\" data-contrast=\"auto\" xml:lang=\"DE-CH\"><span class=\"NormalTextRun SCXW104708841 BCX0\">300 francs maximum<\/span><\/span><span class=\"TextRun SCXW104708841 BCX0\" lang=\"DE-CH\" xml:lang=\"DE-CH\" data-contrast=\"auto\"><span class=\"NormalTextRun SCXW104708841 BCX0\"> par ann\u00e9e civile. Ainsi, les contributions \u00e0 la pr\u00e9vention peuvent <\/span><\/span><span class=\"TextRun SCXW104708841 BCX0\" lang=\"DE-CH\" data-contrast=\"auto\" xml:lang=\"DE-CH\"><br \/>\n  <span class=\"NormalTextRun SCXW104708841 BCX0\">\u00e0 800 francs suisses<\/span><br \/>\n<\/span><span class=\"TextRun SCXW104708841 BCX0\" lang=\"DE-CH\" data-contrast=\"auto\" xml:lang=\"DE-CH\"><br \/>\n  <span class=\"NormalTextRun SCXW104708841 BCX0\"> par an.<\/span><br \/>\n<\/span><span class=\"EOP SCXW104708841 BCX0\" data-ccp-props=\"{\"> Apprenez-en plus sur : <a href=\"https:\/\/www.salutacoach.ch\/fr\/swica\/\">SWICA -Personal Health Coaching<\/a><\/span><\/p>\n<table style=\"font-weight: 400;\" data-tablestyle=\"MsoTableGrid\" data-tablelook=\"1184\" aria-rowcount=\"5\">\n<tbody>\n<tr aria-rowindex=\"1\">\n<td data-celllook=\"0\">\n<p><b><br \/>\n  <span data-contrast=\"auto\">Offre<\/span><br \/>\n<\/b><strong>ot Clients SWICA<\/strong><\/p>\n<\/td>\n<td data-celllook=\"0\">\n<p><b><span data-contrast=\"auto\">PRAEVENTA<\/span><\/b> <br \/><b><span data-contrast=\"auto\">(50%, max. 500 CHF) <\/span><\/b> <span data-ccp-props=\"{\"> <\/span><\/p>\n<p><span data-ccp-props=\"{\"> <\/span><\/p>\n<\/td>\n<td data-celllook=\"0\">\n<p><b><span data-contrast=\"auto\">Franchise<\/span><\/b><span data-ccp-props=\"{\"> <\/span><\/p>\n<\/td>\n<td data-celllook=\"0\">\n<p><b><span data-contrast=\"auto\">En plus <\/span><\/b> <br \/><b><span data-contrast=\"auto\">OPTIMA<\/span><\/b> <br \/><b><span data-contrast=\"auto\">(90% des frais restants, max. 300 CHF)<\/span><\/b><span data-ccp-props=\"{\"> <\/span><\/p>\n<\/td>\n<td data-celllook=\"0\">\n<p><b><span data-contrast=\"auto\">Franchise<\/span><\/b><span data-ccp-props=\"{\"> <\/span><\/p>\n<\/td>\n<\/tr>\n<tr aria-rowindex=\"2\">\n<td data-celllook=\"0\">\n<p><span data-contrast=\"auto\">1 mois : CHF 290<\/span><span data-ccp-props=\"{\"> <\/span><\/p>\n<\/td>\n<td data-celllook=\"0\">\n<p><span data-contrast=\"auto\">CHF 145<\/span><span data-ccp-props=\"{\"> <\/span><\/p>\n<\/td>\n<td data-celllook=\"0\">\n<p><span data-contrast=\"auto\">CHF 145<\/span><span data-ccp-props=\"{\"> <\/span><\/p>\n<\/td>\n<td data-celllook=\"0\">\n<p><span data-contrast=\"auto\">CHF 130.50<\/span><span data-ccp-props=\"{\"> <\/span><\/p>\n<\/td>\n<td data-celllook=\"65536\">\n<p><b><span data-contrast=\"auto\">CHF 14.50  <\/span><\/b><span data-ccp-props=\"{\"> <\/span><\/p>\n<\/td>\n<\/tr>\n<tr aria-rowindex=\"3\">\n<td data-celllook=\"0\">\n<p><span data-contrast=\"auto\">3 mois : CHF 590<\/span><span data-ccp-props=\"{\"> au lieu de CHF 690<\/span><\/p>\n<\/td>\n<td data-celllook=\"0\">\n<p><span data-contrast=\"auto\">CHF 295<\/span><span data-ccp-props=\"{\"> <\/span><\/p>\n<\/td>\n<td data-celllook=\"0\">\n<p><span data-contrast=\"auto\">CHF 295<\/span><span data-ccp-props=\"{\"> <\/span><\/p>\n<\/td>\n<td data-celllook=\"0\">\n<p><span data-contrast=\"auto\">CHF 265.50<\/span><span data-ccp-props=\"{\"> <\/span><\/p>\n<\/td>\n<td data-celllook=\"65536\">\n<p><b><span data-contrast=\"auto\">CHF 29.50<\/span><\/b><span data-ccp-props=\"{\"> <\/span><\/p>\n<\/td>\n<\/tr>\n<tr aria-rowindex=\"4\">\n<td data-celllook=\"0\">\n<p><span data-contrast=\"auto\">6 mois : CHF 950<\/span><span data-ccp-props=\"{\"> au lieu de CHF 1090<\/span><\/p>\n<\/td>\n<td data-celllook=\"0\">\n<p><span data-contrast=\"auto\">CHF 475<\/span><span data-ccp-props=\"{\"> <\/span><\/p>\n<\/td>\n<td data-celllook=\"0\">\n<p><span data-contrast=\"auto\">CHF 475<\/span><span data-ccp-props=\"{\"> <\/span><\/p>\n<\/td>\n<td data-celllook=\"0\">\n<p><span data-contrast=\"auto\">CHF 300<\/span><span data-ccp-props=\"{\"> <\/span><\/p>\n<\/td>\n<td data-celllook=\"65536\">\n<p><b><span data-contrast=\"auto\">CHF 175.00  <\/span><\/b><span data-ccp-props=\"{\"> <\/span><\/p>\n<\/td>\n<\/tr>\n<tr aria-rowindex=\"5\">\n<td data-celllook=\"0\">\n<p><span data-contrast=\"auto\">12 mois intensifs : CHF 2510 au lieu de CHF2790<\/span><\/p>\n<\/td>\n<td data-celllook=\"0\">\n<p><span data-contrast=\"auto\">CHF 500<\/span><span data-ccp-props=\"{\"> <\/span><\/p>\n<\/td>\n<td data-celllook=\"0\">\n<p><span data-contrast=\"auto\">CHF 2010<\/span><span data-ccp-props=\"{\"> <\/span><\/p>\n<\/td>\n<td data-celllook=\"0\">\n<p><span data-contrast=\"auto\">CHF 300<\/span><span data-ccp-props=\"{\"> <\/span><\/p>\n<\/td>\n<td data-celllook=\"65536\">\n<p><b><span data-contrast=\"auto\">CHF 1710.00  <\/span><\/b><span data-ccp-props=\"{\"> <\/span><\/p>\n<\/td>\n<\/tr>\n<\/tbody>\n<\/table>\n<\/div>\n\t\t\t\t<\/div>\n\t\t\t\t\t\t\t<div class=\"elementor-toggle-item\">\n\t\t\t\t\t<div id=\"elementor-tab-title-1653\" class=\"elementor-tab-title\" data-tab=\"3\" role=\"button\" aria-controls=\"elementor-tab-content-1653\" aria-expanded=\"false\">\n\t\t\t\t\t\t\t\t\t\t\t\t<span class=\"elementor-toggle-icon elementor-toggle-icon-left\" aria-hidden=\"true\">\n\t\t\t\t\t\t\t\t\t\t\t\t\t\t\t<span class=\"elementor-toggle-icon-closed\"><i class=\"fas fa-caret-right\"><\/i><\/span>\n\t\t\t\t\t\t\t\t<span class=\"elementor-toggle-icon-opened\"><i class=\"elementor-toggle-icon-opened fas fa-caret-up\"><\/i><\/span>\n\t\t\t\t\t\t\t\t\t\t\t\t\t<\/span>\n\t\t\t\t\t\t\t\t\t\t\t\t<a class=\"elementor-toggle-title\" tabindex=\"0\">CSS<\/a>\n\t\t\t\t\t<\/div>\n\n\t\t\t\t\t<div id=\"elementor-tab-content-1653\" class=\"elementor-tab-content elementor-clearfix\" data-tab=\"3\" role=\"region\" aria-labelledby=\"elementor-tab-title-1653\"><p><span data-contrast=\"auto\">La CSS vous soutient avec des contributions provenant du <\/span><span data-contrast=\"auto\"><b>compte \u00ab\u00a0sant\u00e9 \u00ab\u00a0*<\/b>: <\/span> <b style=\"color: var( --e-global-color-text ); font-family: var( --e-global-typography-text-font-family ), Sans-serif;\"><span data-contrast=\"auto\">50 % jusqu&rsquo;\u00e0 max. 500 FRANCS SUISSES  <\/span><\/b><span style=\"color: var( --e-global-color-text ); font-family: var( --e-global-typography-text-font-family ), Sans-serif; font-weight: var( --e-global-typography-text-font-weight );\" data-contrast=\"auto\">par ann\u00e9e civile selon l&rsquo;assurance compl\u00e9mentaire.<\/span><\/p>\n<p><span data-contrast=\"auto\">*Si tant l&rsquo;assurance <\/span><i><br \/>\n  <span data-contrast=\"auto\">Assurance ambulatoire<\/span><br \/>\n<\/i><span data-contrast=\"auto\"> <\/span><i><br \/>\n  <span data-contrast=\"auto\">myFlex<\/span><br \/>\n<\/i><span data-contrast=\"auto\"> et l&rsquo;assurance <\/span><i><br \/>\n  <span data-contrast=\"auto\">Assurance d&rsquo;hospitalisation<\/span><br \/>\n<\/i><span data-contrast=\"auto\"> <\/span><i><br \/>\n  <span data-contrast=\"auto\">myFlex<\/span><br \/>\n<\/i><span data-contrast=\"auto\"> les clients b\u00e9n\u00e9ficient du compte \u00ab\u00a0sant\u00e9\u00a0\u00bb.<\/span><span data-ccp-props=\"{\"> Pour en savoir plus, <a href=\"https:\/\/www.css.ch\/de\/privatkunden\/richtig-versichert\/krankenkasse\/zusatzversicherungen\/gesundheitskonto\/diverse.html\">cliquez ici.<\/a><\/span><\/p>\n<table style=\"font-weight: 400;\" data-tablestyle=\"MsoTableGrid\" data-tablelook=\"1184\" aria-rowcount=\"5\">\n<tbody>\n<tr aria-rowindex=\"1\">\n<td data-celllook=\"0\">\n<p><b><span data-contrast=\"auto\">Offre<\/span><\/b><span data-ccp-props=\"{\"> <\/span><\/p>\n<\/td>\n<td data-celllook=\"0\">\n<p><b><span data-contrast=\"auto\">COMPTE SANT\u00c9<\/span><\/b> <br \/><b><span data-contrast=\"auto\">(50%, max. 500 CHF) <\/span><\/b> <span data-ccp-props=\"{\"> <\/span><\/p>\n<p><span data-ccp-props=\"{\"> <\/span><\/p>\n<\/td>\n<td data-celllook=\"0\">\n<p><b><span data-contrast=\"auto\">Franchise<\/span><\/b><span data-ccp-props=\"{\"> <\/span><\/p>\n<\/td>\n<\/tr>\n<tr aria-rowindex=\"2\">\n<td data-celllook=\"0\">\n<p><span data-contrast=\"auto\">1 mois : CHF 290<\/span><\/p>\n<\/td>\n<td data-celllook=\"0\">\n<p><span data-contrast=\"auto\">CHF 145<\/span><span data-ccp-props=\"{\"> <\/span><\/p>\n<\/td>\n<td data-celllook=\"65536\">\n<p><b><span data-contrast=\"auto\">CHF 145<\/span><\/b><span data-ccp-props=\"{\"> <\/span><\/p>\n<\/td>\n<\/tr>\n<tr aria-rowindex=\"3\">\n<td data-celllook=\"0\">\n<p><span data-contrast=\"auto\">3 mois : CHF 690<\/span><span data-ccp-props=\"{\"> <\/span><\/p>\n<\/td>\n<td data-celllook=\"0\">\n<p><span data-contrast=\"auto\">CHF 345<\/span><span data-ccp-props=\"{\"> <\/span><\/p>\n<\/td>\n<td data-celllook=\"65536\">\n<p><b><span data-contrast=\"auto\">CHF 345<\/span><\/b><span data-ccp-props=\"{\"> <\/span><\/p>\n<\/td>\n<\/tr>\n<tr aria-rowindex=\"4\">\n<td data-celllook=\"0\">\n<p><span data-contrast=\"auto\">6 mois : CHF 1090<\/span><span data-ccp-props=\"{\"> <\/span><\/p>\n<\/td>\n<td data-celllook=\"0\">\n<p><span data-contrast=\"auto\">CHF 500<\/span><span data-ccp-props=\"{\"> <\/span><\/p>\n<\/td>\n<td data-celllook=\"65536\">\n<p><b><span data-contrast=\"auto\">CHF 590<\/span><\/b><span data-ccp-props=\"{\"> <\/span><\/p>\n<\/td>\n<\/tr>\n<tr aria-rowindex=\"5\">\n<td data-celllook=\"0\">\n<p><span data-contrast=\"auto\">12 mois : CHF 2790<\/span><span data-ccp-props=\"{\"> <\/span><\/p>\n<\/td>\n<td data-celllook=\"0\">\n<p><span data-contrast=\"auto\">CHF 500<\/span><span data-ccp-props=\"{\"> <\/span><\/p>\n<\/td>\n<td data-celllook=\"65536\">\n<p><b><span data-contrast=\"auto\">CHF 2290<\/span><\/b><span data-ccp-props=\"{\"> <\/span><\/p>\n<\/td>\n<\/tr>\n<\/tbody>\n<\/table>\n<\/div>\n\t\t\t\t<\/div>\n\t\t\t\t\t\t\t<div class=\"elementor-toggle-item\">\n\t\t\t\t\t<div id=\"elementor-tab-title-1654\" class=\"elementor-tab-title\" data-tab=\"4\" role=\"button\" aria-controls=\"elementor-tab-content-1654\" aria-expanded=\"false\">\n\t\t\t\t\t\t\t\t\t\t\t\t<span class=\"elementor-toggle-icon elementor-toggle-icon-left\" aria-hidden=\"true\">\n\t\t\t\t\t\t\t\t\t\t\t\t\t\t\t<span class=\"elementor-toggle-icon-closed\"><i class=\"fas fa-caret-right\"><\/i><\/span>\n\t\t\t\t\t\t\t\t<span class=\"elementor-toggle-icon-opened\"><i class=\"elementor-toggle-icon-opened fas fa-caret-up\"><\/i><\/span>\n\t\t\t\t\t\t\t\t\t\t\t\t\t<\/span>\n\t\t\t\t\t\t\t\t\t\t\t\t<a class=\"elementor-toggle-title\" tabindex=\"0\">Sympany<\/a>\n\t\t\t\t\t<\/div>\n\n\t\t\t\t\t<div id=\"elementor-tab-content-1654\" class=\"elementor-tab-content elementor-clearfix\" data-tab=\"4\" role=\"region\" aria-labelledby=\"elementor-tab-title-1654\"><p>Sympany <span data-contrast=\"none\">participe aux co\u00fbts du coaching sant\u00e9 personnel via sa <strong>ligne de pr\u00e9vention<\/strong> <strong>\u00ab\u00a0rester en forme\u00a0\u00bb\/\u00a0\u00bbdevenir en forme\u00a0\u00bb<\/strong>. <\/span> <span data-contrast=\"none\">En cons\u00e9quence, vous b\u00e9n\u00e9ficiez d&rsquo;un soutien similaire \u00e0 celui que vous avez re\u00e7u lors de l&rsquo;achat de votre abonnement de fitness.<br \/>\nLe montant du soutien varie en fonction du programme choisi : <\/span><\/p>\n<p><span data-contrast=\"none\">Veuillez vous renseigner directement aupr\u00e8s de Sympany pour savoir \u00e0 combien vous avez droit : 058 262 47 68<\/span><\/p>\n<\/div>\n\t\t\t\t<\/div>\n\t\t\t\t\t\t\t<div class=\"elementor-toggle-item\">\n\t\t\t\t\t<div id=\"elementor-tab-title-1655\" class=\"elementor-tab-title\" data-tab=\"5\" role=\"button\" aria-controls=\"elementor-tab-content-1655\" aria-expanded=\"false\">\n\t\t\t\t\t\t\t\t\t\t\t\t<span class=\"elementor-toggle-icon elementor-toggle-icon-left\" aria-hidden=\"true\">\n\t\t\t\t\t\t\t\t\t\t\t\t\t\t\t<span class=\"elementor-toggle-icon-closed\"><i class=\"fas fa-caret-right\"><\/i><\/span>\n\t\t\t\t\t\t\t\t<span class=\"elementor-toggle-icon-opened\"><i class=\"elementor-toggle-icon-opened fas fa-caret-up\"><\/i><\/span>\n\t\t\t\t\t\t\t\t\t\t\t\t\t<\/span>\n\t\t\t\t\t\t\t\t\t\t\t\t<a class=\"elementor-toggle-title\" tabindex=\"0\">CPT<\/a>\n\t\t\t\t\t<\/div>\n\n\t\t\t\t\t<div id=\"elementor-tab-content-1655\" class=\"elementor-tab-content elementor-clearfix\" data-tab=\"5\" role=\"region\" aria-labelledby=\"elementor-tab-title-1655\"><p><span data-contrast=\"none\">Assurance compl\u00e9mentaire \u00ab\u00a0<\/span><b><br \/>\n  <span data-contrast=\"none\">ActivePlus<\/span><br \/>\n<\/b><span data-contrast=\"none\">\u00a0\u00bb : jusqu&rsquo;\u00e0 CHF 600 pour l&rsquo;abonnement de fitness, les conseils nutritionnels, etc.<\/span><span data-ccp-props=\"{\"201341983\":0,\"335551550\":6,\"335551620\":6,\"335559739\":160,\"335559740\":300}\"> <\/span><span data-contrast=\"none\">dont jusqu&rsquo;\u00e0 <\/span><b><br \/>\n  <span data-contrast=\"none\">CHF<\/span><br \/>\n<\/b><span data-contrast=\"none\"> <\/span><b><br \/>\n  <span data-contrast=\"none\">150 <\/span><br \/>\n<\/b><span data-contrast=\"none\">pour un coaching nutritionnel par exemple.<\/span><span data-ccp-props=\"{\"201341983\":0,\"335551550\":6,\"335551620\":6,\"335559739\":160,\"335559740\":300}\"> <\/span><\/p>\n<p><span data-ccp-props=\"{\"201341983\":0,\"335551550\":6,\"335551620\":6,\"335559739\":160,\"335559740\":300}\"> <\/span><span data-contrast=\"none\">Jusqu&rsquo;\u00e0 <\/span><b><br \/>\n  <span data-contrast=\"none\">CHF 200<\/span><br \/>\n<\/b><span data-contrast=\"none\"> Bonus sant\u00e9 si, l&rsquo;ann\u00e9e pr\u00e9c\u00e9dente, vous n&rsquo;avez pas b\u00e9n\u00e9fici\u00e9 de prestations de l&rsquo;assurance compl\u00e9mentaire <\/span><b><br \/>\n  <span data-contrast=\"none\">Soins Comfort<\/span><br \/>\n<\/b><span data-contrast=\"none\"> n&rsquo;ont \u00e9t\u00e9 per\u00e7ues.<\/span><span data-ccp-props=\"{\"201341983\":0,\"335551550\":6,\"335551620\":6,\"335559739\":160,\"335559740\":300}\"> <\/span><\/p>\n<p>Apprenez-en plus sur : <a href=\"https:\/\/www.kpt.ch\/de\/versicherungen\/zusatzversicherung\/activeplus\">CPT &#8211; Coaching de sant\u00e9 personnel<\/a><\/p>\n<\/div>\n\t\t\t\t<\/div>\n\t\t\t\t\t\t\t<div class=\"elementor-toggle-item\">\n\t\t\t\t\t<div id=\"elementor-tab-title-1656\" class=\"elementor-tab-title\" data-tab=\"6\" role=\"button\" aria-controls=\"elementor-tab-content-1656\" aria-expanded=\"false\">\n\t\t\t\t\t\t\t\t\t\t\t\t<span class=\"elementor-toggle-icon elementor-toggle-icon-left\" aria-hidden=\"true\">\n\t\t\t\t\t\t\t\t\t\t\t\t\t\t\t<span class=\"elementor-toggle-icon-closed\"><i class=\"fas fa-caret-right\"><\/i><\/span>\n\t\t\t\t\t\t\t\t<span class=\"elementor-toggle-icon-opened\"><i class=\"elementor-toggle-icon-opened fas fa-caret-up\"><\/i><\/span>\n\t\t\t\t\t\t\t\t\t\t\t\t\t<\/span>\n\t\t\t\t\t\t\t\t\t\t\t\t<a class=\"elementor-toggle-title\" tabindex=\"0\">Sanitas<\/a>\n\t\t\t\t\t<\/div>\n\n\t\t\t\t\t<div id=\"elementor-tab-content-1656\" class=\"elementor-tab-content elementor-clearfix\" data-tab=\"6\" role=\"region\" aria-labelledby=\"elementor-tab-title-1656\"><p><span data-contrast=\"none\">Assurance compl\u00e9mentaire \u00ab\u00a0<\/span><b><span data-contrast=\"none\">Vital<\/span><\/b><span data-contrast=\"none\">\u00ab\u00a0(niveaux d&rsquo;assurance Smart et Premium) : jusqu&rsquo;\u00e0 CHF 600 (Vital Smart) ou CHF 800 (Vital Premium) par an pour la promotion de la sant\u00e9 comme le fitness, les conseils nutritionnels ou le Personal Health Coaching.<\/span><\/p>\n<p>Pour en savoir plus, rendez-vous sur : <a href=\"https:\/\/www.sanitas.com\/de\/privatkunden\/versicherungen\/zusatzversicherungen\/ambulantversicherung.html\" target=\"_blank\" rel=\"noopener\">Sanitas &#8211; Personal Health Coaching<\/a><\/p>\n<\/div>\n\t\t\t\t<\/div>\n\t\t\t\t\t\t\t<div class=\"elementor-toggle-item\">\n\t\t\t\t\t<div id=\"elementor-tab-title-1657\" class=\"elementor-tab-title\" data-tab=\"7\" role=\"button\" aria-controls=\"elementor-tab-content-1657\" aria-expanded=\"false\">\n\t\t\t\t\t\t\t\t\t\t\t\t<span class=\"elementor-toggle-icon elementor-toggle-icon-left\" aria-hidden=\"true\">\n\t\t\t\t\t\t\t\t\t\t\t\t\t\t\t<span class=\"elementor-toggle-icon-closed\"><i class=\"fas fa-caret-right\"><\/i><\/span>\n\t\t\t\t\t\t\t\t<span class=\"elementor-toggle-icon-opened\"><i class=\"elementor-toggle-icon-opened fas fa-caret-up\"><\/i><\/span>\n\t\t\t\t\t\t\t\t\t\t\t\t\t<\/span>\n\t\t\t\t\t\t\t\t\t\t\t\t<a class=\"elementor-toggle-title\" tabindex=\"0\">AXA<\/a>\n\t\t\t\t\t<\/div>\n\n\t\t\t\t\t<div id=\"elementor-tab-content-1657\" class=\"elementor-tab-content elementor-clearfix\" data-tab=\"7\" role=\"region\" aria-labelledby=\"elementor-tab-title-1657\"><p><span data-contrast=\"none\">AXA prend en charge une partie des frais de conseils nutritionnels sur le budget des prestations de pr\u00e9vention.  <\/span><span data-ccp-props=\"{\"201341983\":0,\"335551550\":6,\"335551620\":6,\"335559739\":160,\"335559740\":300}\"> <\/span><\/p>\n<p><span data-contrast=\"none\">La prestation pour les conseils nutritionnels en d\u00e9tail :<\/span><span data-ccp-props=\"{\"201341983\":0,\"335551550\":6,\"335551620\":6,\"335559739\":160,\"335559740\":300}\"> <\/span><\/p>\n<ul>\n<li data-leveltext=\"-\" data-font=\"Open Sans\" data-listid=\"3\" aria-setsize=\"-1\" data-aria-posinset=\"50\" data-aria-level=\"1\"><b><br \/>\n  <span data-contrast=\"none\">ACTIF<\/span><br \/>\n<\/b><span data-contrast=\"none\">75 % jusqu&rsquo;\u00e0 un maximum de 300 CHF par an<\/span><span data-ccp-props=\"{\"134233279\":true,\"201341983\":0,\"335551550\":6,\"335551620\":6,\"335559739\":160,\"335559740\":300}\"> <\/span><\/li>\n<li data-leveltext=\"-\" data-font=\"Open Sans\" data-listid=\"3\" aria-setsize=\"-1\" data-aria-posinset=\"50\" data-aria-level=\"1\"><b><br \/>\n  <span data-contrast=\"none\">COMPLET<\/span><br \/>\n<\/b><span data-contrast=\"none\">75 % jusqu&rsquo;\u00e0 un maximum de 500 CHF par an<\/span><\/li>\n<\/ul>\n<p>Pour en savoir plus, rendez-vous sur : <a href=\"https:\/\/www.axa.ch\/de\/privatkunden\/angebote\/gesundheit-unfall\/zusatzversicherung.html\">AXA &#8211; Personal Health Coaching <\/a> <\/p>\n<\/div>\n\t\t\t\t<\/div>\n\t\t\t\t\t\t\t<div class=\"elementor-toggle-item\">\n\t\t\t\t\t<div id=\"elementor-tab-title-1658\" class=\"elementor-tab-title\" data-tab=\"8\" role=\"button\" aria-controls=\"elementor-tab-content-1658\" aria-expanded=\"false\">\n\t\t\t\t\t\t\t\t\t\t\t\t<span class=\"elementor-toggle-icon elementor-toggle-icon-left\" aria-hidden=\"true\">\n\t\t\t\t\t\t\t\t\t\t\t\t\t\t\t<span class=\"elementor-toggle-icon-closed\"><i class=\"fas fa-caret-right\"><\/i><\/span>\n\t\t\t\t\t\t\t\t<span class=\"elementor-toggle-icon-opened\"><i class=\"elementor-toggle-icon-opened fas fa-caret-up\"><\/i><\/span>\n\t\t\t\t\t\t\t\t\t\t\t\t\t<\/span>\n\t\t\t\t\t\t\t\t\t\t\t\t<a class=\"elementor-toggle-title\" tabindex=\"0\">EGK<\/a>\n\t\t\t\t\t<\/div>\n\n\t\t\t\t\t<div id=\"elementor-tab-content-1658\" class=\"elementor-tab-content elementor-clearfix\" data-tab=\"8\" role=\"region\" aria-labelledby=\"elementor-tab-title-1658\"><ul>\n<li>Selon les indications de l&rsquo;EGK, elle rembourse le Personal Health Coaching en tant que mesure visant \u00e0 pr\u00e9server la sant\u00e9.  <\/li>\n<li data-leveltext=\"-\" data-font=\"Open Sans\" data-listid=\"3\" aria-setsize=\"-1\" data-aria-posinset=\"50\" data-aria-level=\"1\">Les prestations sont limit\u00e9es \u00e0 360 CHF maximum par ann\u00e9e civile et partagent une limite commune avec la prestation \u00ab\u00a0salle de sport\u00a0\u00bb.<\/li>\n<li data-leveltext=\"-\" data-font=\"Open Sans\" data-listid=\"3\" aria-setsize=\"-1\" data-aria-posinset=\"50\" data-aria-level=\"1\">Des informations plus pr\u00e9cises sur les pratiques de r\u00e9mun\u00e9ration sont disponibles aupr\u00e8s de l&rsquo;EGK.<\/li>\n<\/ul>\n<p>En savoir plus sur : <a href=\"https:\/\/www.egk.ch\/egk\/downloads\/sun2020\/de\/leistungsuebersicht-egk-sun_de.pdf\">EGK &#8211; Coaching de sant\u00e9 personnel<\/a><\/p>\n<\/div>\n\t\t\t\t<\/div>\n\t\t\t\t\t\t\t<div class=\"elementor-toggle-item\">\n\t\t\t\t\t<div id=\"elementor-tab-title-1659\" class=\"elementor-tab-title\" data-tab=\"9\" role=\"button\" aria-controls=\"elementor-tab-content-1659\" aria-expanded=\"false\">\n\t\t\t\t\t\t\t\t\t\t\t\t<span class=\"elementor-toggle-icon elementor-toggle-icon-left\" aria-hidden=\"true\">\n\t\t\t\t\t\t\t\t\t\t\t\t\t\t\t<span class=\"elementor-toggle-icon-closed\"><i class=\"fas fa-caret-right\"><\/i><\/span>\n\t\t\t\t\t\t\t\t<span class=\"elementor-toggle-icon-opened\"><i class=\"elementor-toggle-icon-opened fas fa-caret-up\"><\/i><\/span>\n\t\t\t\t\t\t\t\t\t\t\t\t\t<\/span>\n\t\t\t\t\t\t\t\t\t\t\t\t<a class=\"elementor-toggle-title\" tabindex=\"0\">Aquilana<\/a>\n\t\t\t\t\t<\/div>\n\n\t\t\t\t\t<div id=\"elementor-tab-content-1659\" class=\"elementor-tab-content elementor-clearfix\" data-tab=\"9\" role=\"region\" aria-labelledby=\"elementor-tab-title-1659\"><p><span data-contrast=\"none\">Avec la m\u00e9thode certifi\u00e9e RME, les prestations de nos assurances compl\u00e9mentaires ambulatoires Soins infirmiers \u00ab\u00a0<\/span><b><br \/>\n  <span data-contrast=\"none\">PLUS\u00a0\u00bb<\/span><br \/>\n<\/b><span data-contrast=\"none\"> et Soins infirmiers \u00ab\u00a0<\/span><b><br \/>\n  <span data-contrast=\"none\">TOP\u00a0\u00bb<\/span><br \/>\n<\/b><span data-contrast=\"none\"> dans le cadre des prestations assur\u00e9es au titre de la <\/span><b><br \/>\n  <span data-contrast=\"none\">m\u00e9thodes de traitement alternatives<\/span><br \/>\n<\/b><span data-contrast=\"none\"> sont factur\u00e9es.<\/span><span data-ccp-props=\"{\"> <\/span><\/p>\n<p><b><br \/>\n  <span data-contrast=\"none\">PLUS<\/span><br \/>\n<\/b><span data-contrast=\"none\">Pour les traitements relevant de la m\u00e9decine alternative, le remboursement est \u00e9galement de <\/span><b><br \/>\n  <span data-contrast=\"none\">90 pour cent<\/span><br \/>\n<\/b><span data-contrast=\"none\">, <\/span><b><br \/>\n  <span data-contrast=\"none\">au maximum 1&rsquo;000 CHF<\/span><br \/>\n<\/b><span data-contrast=\"none\"> par ann\u00e9e civile.<\/span><span data-ccp-props=\"{\"> <\/span><\/p>\n<p><b><br \/>\n  <span data-contrast=\"none\">TOP<\/span><br \/>\n<\/b><span data-contrast=\"none\">: Soins infirmiers TOP rembourse m\u00eame jusqu&rsquo;\u00e0 <\/span><b><br \/>\n  <span data-contrast=\"none\">2&rsquo;000 CHF<\/span><br \/>\n<\/b><span data-contrast=\"none\">  pour les m\u00e9decines alternatives et offre des subventions importantes pour les mesures de pr\u00e9vention.<br \/>\nSi vous fr\u00e9quentez un centre de fitness ou faites de la musculation, par exemple, l&rsquo;Aquilana   <\/span><b><br \/>\n  <span data-contrast=\"none\">50 pour cent des co\u00fbts<\/span><br \/>\n<\/b><span data-contrast=\"none\">, <\/span><b><br \/>\n  <span data-contrast=\"none\">au maximum 300 CHF<\/span><br \/>\n<\/b><span data-contrast=\"none\"> par an. <\/span> <span data-ccp-props=\"{\"> <\/span><\/p>\n<p>En savoir plus sur : <a href=\"https:\/\/krankenkassenadmin.ch\/aquilana?gclid=Cj0KCQiA_c-OBhDFARIsAIFg3eyLdD0DYT0FUTigdCHoyAWII1idIzLVj85GA_37jaHB1Nx5-LhCOr4aAuoPEALw_wcB\">Aquilana &#8211; Coaching sant\u00e9 personnel<\/a><\/p>\n<\/div>\n\t\t\t\t<\/div>\n\t\t\t\t\t\t\t<div class=\"elementor-toggle-item\">\n\t\t\t\t\t<div id=\"elementor-tab-title-16510\" class=\"elementor-tab-title\" data-tab=\"10\" role=\"button\" aria-controls=\"elementor-tab-content-16510\" aria-expanded=\"false\">\n\t\t\t\t\t\t\t\t\t\t\t\t<span class=\"elementor-toggle-icon elementor-toggle-icon-left\" aria-hidden=\"true\">\n\t\t\t\t\t\t\t\t\t\t\t\t\t\t\t<span class=\"elementor-toggle-icon-closed\"><i class=\"fas fa-caret-right\"><\/i><\/span>\n\t\t\t\t\t\t\t\t<span class=\"elementor-toggle-icon-opened\"><i class=\"elementor-toggle-icon-opened fas fa-caret-up\"><\/i><\/span>\n\t\t\t\t\t\t\t\t\t\t\t\t\t<\/span>\n\t\t\t\t\t\t\t\t\t\t\t\t<a class=\"elementor-toggle-title\" tabindex=\"0\">Sodalis<\/a>\n\t\t\t\t\t<\/div>\n\n\t\t\t\t\t<div id=\"elementor-tab-content-16510\" class=\"elementor-tab-content elementor-clearfix\" data-tab=\"10\" role=\"region\" aria-labelledby=\"elementor-tab-title-16510\"><p><span data-contrast=\"none\">Contribution aux frais pour <\/span><b><br \/>\n  <span data-contrast=\"none\">divers<\/span><br \/>\n<\/b><span data-contrast=\"none\"> <\/span><b><br \/>\n  <span data-contrast=\"none\">activit\u00e9s de fitness<\/span><br \/>\n<\/b><span data-contrast=\"none\"> selon liste interne :<\/span><span data-ccp-props=\"{\"201341983\":0,\"335551550\":6,\"335551620\":6,\"335559739\":160,\"335559740\":300}\"> <\/span><\/p>\n<ul>\n<li data-leveltext=\"-\" data-font=\"Open Sans\" data-listid=\"3\" aria-setsize=\"-1\" data-aria-posinset=\"50\" data-aria-level=\"1\"><span data-contrast=\"none\">sodalis g\u00e9n\u00e9rale\/semi-priv\u00e9e\/priv\u00e9e\/flex + Sana\/Sana Plus :  <\/span><b><span data-contrast=\"none\">50 %, max.<br \/>\n200 FRANCS SUISSES <\/span><\/b><span data-contrast=\"none\">  par ann\u00e9e civile<\/span><span data-ccp-props=\"{\"134233279\":true,\"201341983\":0,\"335559737\":2701,\"335559739\":160,\"335559740\":240}\"> <\/span><\/li>\n<\/ul>\n<p><span data-contrast=\"none\">Contribution aux frais pour<\/span><b><br \/>\n  <span data-contrast=\"none\"> m\u00e9thodes de traitement alternatives<\/span><br \/>\n<\/b><span data-contrast=\"none\"> selon liste interne :<\/span><span data-ccp-props=\"{\"201341983\":0,\"335551550\":6,\"335551620\":6,\"335559739\":160,\"335559740\":300}\"> <\/span><\/p>\n<ul>\n<li data-leveltext=\"-\" data-font=\"Open Sans\" data-listid=\"3\" aria-setsize=\"-1\" data-aria-posinset=\"50\" data-aria-level=\"1\"><span data-contrast=\"none\">Mod\u00e8le compl\u00e9mentaire Sana : 70 %, max.<br \/>\n500 CHF par ann\u00e9e civile <\/span><span data-ccp-props=\"{\"134233279\":true,\"201341983\":0,\"335551550\":6,\"335551620\":6,\"335559739\":160,\"335559740\":300}\"> <\/span><\/li>\n<li data-leveltext=\"-\" data-font=\"Open Sans\" data-listid=\"3\" aria-setsize=\"-1\" data-aria-posinset=\"50\" data-aria-level=\"1\"><span data-contrast=\"none\">Mod\u00e8le compl\u00e9mentaire Sana Plus : 70 %, max.<br \/>\nCHF 1&rsquo;000.- par ann\u00e9e civile <\/span><span data-ccp-props=\"{\"134233279\":true,\"201341983\":0,\"335551550\":6,\"335551620\":6,\"335559739\":160,\"335559740\":300}\"> <\/span><\/li>\n<li data-leveltext=\"-\" data-font=\"Open Sans\" data-listid=\"3\" aria-setsize=\"-1\" data-aria-posinset=\"50\" data-aria-level=\"1\"><span data-contrast=\"none\">sodalis en g\u00e9n\u00e9ral : 70 %, max.<br \/>\n600 CHF par ann\u00e9e civile <\/span><span data-ccp-props=\"{\"134233279\":true,\"201341983\":0,\"335551550\":6,\"335551620\":6,\"335559739\":160,\"335559740\":300}\"> <\/span><\/li>\n<li data-leveltext=\"-\" data-font=\"Open Sans\" data-listid=\"3\" aria-setsize=\"-1\" data-aria-posinset=\"50\" data-aria-level=\"1\"><span data-contrast=\"none\">sodalis demi-priv\u00e9e : 70 %, max.<br \/>\n900 CHF par ann\u00e9e civile <\/span><span data-ccp-props=\"{\"134233279\":true,\"201341983\":0,\"335551550\":6,\"335551620\":6,\"335559739\":160,\"335559740\":300}\"> <\/span><\/li>\n<li data-leveltext=\"-\" data-font=\"Open Sans\" data-listid=\"3\" aria-setsize=\"-1\" data-aria-posinset=\"50\" data-aria-level=\"1\"><span data-contrast=\"none\">sodalis priv\u00e9 : 70 %, max.<br \/>\n1 200 CHF par ann\u00e9e civile <\/span><span data-ccp-props=\"{\"134233279\":true,\"201341983\":0,\"335551550\":6,\"335551620\":6,\"335559739\":160,\"335559740\":300}\"> <\/span><\/li>\n<li data-leveltext=\"-\" data-font=\"Open Sans\" data-listid=\"3\" aria-setsize=\"-1\" data-aria-posinset=\"50\" data-aria-level=\"1\"><span data-contrast=\"none\">sodalis flex : 70 %, max.<br \/>\n600 CHF par ann\u00e9e civile <\/span><\/li>\n<\/ul>\n<p>En savoir plus sur : <a href=\"https:\/\/www.sodalis.ch\/de\/fuer-private\/versicherungen\/zusatzversicherung\/sana-sana-plus\">Sodalis &#8211; Coaching sant\u00e9 personnel<\/a><\/p>\n<\/div>\n\t\t\t\t<\/div>\n\t\t\t\t\t\t\t<div class=\"elementor-toggle-item\">\n\t\t\t\t\t<div id=\"elementor-tab-title-16511\" class=\"elementor-tab-title\" data-tab=\"11\" role=\"button\" aria-controls=\"elementor-tab-content-16511\" aria-expanded=\"false\">\n\t\t\t\t\t\t\t\t\t\t\t\t<span class=\"elementor-toggle-icon elementor-toggle-icon-left\" aria-hidden=\"true\">\n\t\t\t\t\t\t\t\t\t\t\t\t\t\t\t<span class=\"elementor-toggle-icon-closed\"><i class=\"fas fa-caret-right\"><\/i><\/span>\n\t\t\t\t\t\t\t\t<span class=\"elementor-toggle-icon-opened\"><i class=\"elementor-toggle-icon-opened fas fa-caret-up\"><\/i><\/span>\n\t\t\t\t\t\t\t\t\t\t\t\t\t<\/span>\n\t\t\t\t\t\t\t\t\t\t\t\t<a class=\"elementor-toggle-title\" tabindex=\"0\">Agrisano<\/a>\n\t\t\t\t\t<\/div>\n\n\t\t\t\t\t<div id=\"elementor-tab-content-16511\" class=\"elementor-tab-content elementor-clearfix\" data-tab=\"11\" role=\"region\" aria-labelledby=\"elementor-tab-title-16511\"><p>Aucune information disponible.<br \/>\nVeuillez vous renseigner directement aupr\u00e8s de votre assurance maladie. <\/p>\n<\/div>\n\t\t\t\t<\/div>\n\t\t\t\t\t\t\t<div class=\"elementor-toggle-item\">\n\t\t\t\t\t<div id=\"elementor-tab-title-16512\" class=\"elementor-tab-title\" data-tab=\"12\" role=\"button\" aria-controls=\"elementor-tab-content-16512\" aria-expanded=\"false\">\n\t\t\t\t\t\t\t\t\t\t\t\t<span class=\"elementor-toggle-icon elementor-toggle-icon-left\" aria-hidden=\"true\">\n\t\t\t\t\t\t\t\t\t\t\t\t\t\t\t<span class=\"elementor-toggle-icon-closed\"><i class=\"fas fa-caret-right\"><\/i><\/span>\n\t\t\t\t\t\t\t\t<span class=\"elementor-toggle-icon-opened\"><i class=\"elementor-toggle-icon-opened fas fa-caret-up\"><\/i><\/span>\n\t\t\t\t\t\t\t\t\t\t\t\t\t<\/span>\n\t\t\t\t\t\t\t\t\t\t\t\t<a class=\"elementor-toggle-title\" tabindex=\"0\">Provita<\/a>\n\t\t\t\t\t<\/div>\n\n\t\t\t\t\t<div id=\"elementor-tab-content-16512\" class=\"elementor-tab-content elementor-clearfix\" data-tab=\"12\" role=\"region\" aria-labelledby=\"elementor-tab-title-16512\"><p>Aucune information disponible.<br \/>\nVeuillez vous renseigner directement aupr\u00e8s de votre assurance maladie. <\/p>\n<\/div>\n\t\t\t\t<\/div>\n\t\t\t\t\t\t\t<div class=\"elementor-toggle-item\">\n\t\t\t\t\t<div id=\"elementor-tab-title-16513\" class=\"elementor-tab-title\" data-tab=\"13\" role=\"button\" aria-controls=\"elementor-tab-content-16513\" aria-expanded=\"false\">\n\t\t\t\t\t\t\t\t\t\t\t\t<span class=\"elementor-toggle-icon elementor-toggle-icon-left\" aria-hidden=\"true\">\n\t\t\t\t\t\t\t\t\t\t\t\t\t\t\t<span class=\"elementor-toggle-icon-closed\"><i class=\"fas fa-caret-right\"><\/i><\/span>\n\t\t\t\t\t\t\t\t<span class=\"elementor-toggle-icon-opened\"><i class=\"elementor-toggle-icon-opened fas fa-caret-up\"><\/i><\/span>\n\t\t\t\t\t\t\t\t\t\t\t\t\t<\/span>\n\t\t\t\t\t\t\t\t\t\t\t\t<a class=\"elementor-toggle-title\" tabindex=\"0\">SUVA<\/a>\n\t\t\t\t\t<\/div>\n\n\t\t\t\t\t<div id=\"elementor-tab-content-16513\" class=\"elementor-tab-content elementor-clearfix\" data-tab=\"13\" role=\"region\" aria-labelledby=\"elementor-tab-title-16513\"><\/div>\n\t\t\t\t<\/div>\n\t\t\t\t\t\t\t<div class=\"elementor-toggle-item\">\n\t\t\t\t\t<div id=\"elementor-tab-title-16514\" class=\"elementor-tab-title\" data-tab=\"14\" role=\"button\" aria-controls=\"elementor-tab-content-16514\" aria-expanded=\"false\">\n\t\t\t\t\t\t\t\t\t\t\t\t<span class=\"elementor-toggle-icon elementor-toggle-icon-left\" aria-hidden=\"true\">\n\t\t\t\t\t\t\t\t\t\t\t\t\t\t\t<span class=\"elementor-toggle-icon-closed\"><i class=\"fas fa-caret-right\"><\/i><\/span>\n\t\t\t\t\t\t\t\t<span class=\"elementor-toggle-icon-opened\"><i class=\"elementor-toggle-icon-opened fas fa-caret-up\"><\/i><\/span>\n\t\t\t\t\t\t\t\t\t\t\t\t\t<\/span>\n\t\t\t\t\t\t\t\t\t\t\t\t<a class=\"elementor-toggle-title\" tabindex=\"0\">rhenusana<\/a>\n\t\t\t\t\t<\/div>\n\n\t\t\t\t\t<div id=\"elementor-tab-content-16514\" class=\"elementor-tab-content elementor-clearfix\" data-tab=\"14\" role=\"region\" aria-labelledby=\"elementor-tab-title-16514\"><p>Aucune information disponible.<br \/>\nVeuillez vous renseigner directement aupr\u00e8s de votre assurance maladie. <\/p>\n<\/div>\n\t\t\t\t<\/div>\n\t\t\t\t\t\t\t<div class=\"elementor-toggle-item\">\n\t\t\t\t\t<div id=\"elementor-tab-title-16515\" class=\"elementor-tab-title\" data-tab=\"15\" role=\"button\" aria-controls=\"elementor-tab-content-16515\" aria-expanded=\"false\">\n\t\t\t\t\t\t\t\t\t\t\t\t<span class=\"elementor-toggle-icon elementor-toggle-icon-left\" aria-hidden=\"true\">\n\t\t\t\t\t\t\t\t\t\t\t\t\t\t\t<span class=\"elementor-toggle-icon-closed\"><i class=\"fas fa-caret-right\"><\/i><\/span>\n\t\t\t\t\t\t\t\t<span class=\"elementor-toggle-icon-opened\"><i class=\"elementor-toggle-icon-opened fas fa-caret-up\"><\/i><\/span>\n\t\t\t\t\t\t\t\t\t\t\t\t\t<\/span>\n\t\t\t\t\t\t\t\t\t\t\t\t<a class=\"elementor-toggle-title\" tabindex=\"0\">Sumiswalder<\/a>\n\t\t\t\t\t<\/div>\n\n\t\t\t\t\t<div id=\"elementor-tab-content-16515\" class=\"elementor-tab-content elementor-clearfix\" data-tab=\"15\" role=\"region\" aria-labelledby=\"elementor-tab-title-16515\"><p>Aucune information disponible.<br \/>\nVeuillez vous renseigner directement aupr\u00e8s de votre assurance maladie. <\/p>\n<\/div>\n\t\t\t\t<\/div>\n\t\t\t\t\t\t\t<div class=\"elementor-toggle-item\">\n\t\t\t\t\t<div id=\"elementor-tab-title-16516\" class=\"elementor-tab-title\" data-tab=\"16\" role=\"button\" aria-controls=\"elementor-tab-content-16516\" aria-expanded=\"false\">\n\t\t\t\t\t\t\t\t\t\t\t\t<span class=\"elementor-toggle-icon elementor-toggle-icon-left\" aria-hidden=\"true\">\n\t\t\t\t\t\t\t\t\t\t\t\t\t\t\t<span class=\"elementor-toggle-icon-closed\"><i class=\"fas fa-caret-right\"><\/i><\/span>\n\t\t\t\t\t\t\t\t<span class=\"elementor-toggle-icon-opened\"><i class=\"elementor-toggle-icon-opened fas fa-caret-up\"><\/i><\/span>\n\t\t\t\t\t\t\t\t\t\t\t\t\t<\/span>\n\t\t\t\t\t\t\t\t\t\t\t\t<a class=\"elementor-toggle-title\" tabindex=\"0\">Provita<\/a>\n\t\t\t\t\t<\/div>\n\n\t\t\t\t\t<div id=\"elementor-tab-content-16516\" class=\"elementor-tab-content elementor-clearfix\" data-tab=\"16\" role=\"region\" aria-labelledby=\"elementor-tab-title-16516\"><p>Aucune information disponible.<br \/>\nVeuillez vous renseigner directement aupr\u00e8s de votre assurance maladie. <\/p>\n<\/div>\n\t\t\t\t<\/div>\n\t\t\t\t\t\t\t<div class=\"elementor-toggle-item\">\n\t\t\t\t\t<div id=\"elementor-tab-title-16517\" class=\"elementor-tab-title\" data-tab=\"17\" role=\"button\" aria-controls=\"elementor-tab-content-16517\" aria-expanded=\"false\">\n\t\t\t\t\t\t\t\t\t\t\t\t<span class=\"elementor-toggle-icon elementor-toggle-icon-left\" aria-hidden=\"true\">\n\t\t\t\t\t\t\t\t\t\t\t\t\t\t\t<span class=\"elementor-toggle-icon-closed\"><i class=\"fas fa-caret-right\"><\/i><\/span>\n\t\t\t\t\t\t\t\t<span class=\"elementor-toggle-icon-opened\"><i class=\"elementor-toggle-icon-opened fas fa-caret-up\"><\/i><\/span>\n\t\t\t\t\t\t\t\t\t\t\t\t\t<\/span>\n\t\t\t\t\t\t\t\t\t\t\t\t<a class=\"elementor-toggle-title\" tabindex=\"0\">KLuG<\/a>\n\t\t\t\t\t<\/div>\n\n\t\t\t\t\t<div id=\"elementor-tab-content-16517\" class=\"elementor-tab-content elementor-clearfix\" data-tab=\"17\" role=\"region\" aria-labelledby=\"elementor-tab-title-16517\"><p>Aucune information disponible.<br \/>\nVeuillez vous renseigner directement aupr\u00e8s de votre assurance maladie. <\/p>\n<\/div>\n\t\t\t\t<\/div>\n\t\t\t\t\t\t\t<div class=\"elementor-toggle-item\">\n\t\t\t\t\t<div id=\"elementor-tab-title-16518\" class=\"elementor-tab-title\" data-tab=\"18\" role=\"button\" aria-controls=\"elementor-tab-content-16518\" aria-expanded=\"false\">\n\t\t\t\t\t\t\t\t\t\t\t\t<span class=\"elementor-toggle-icon elementor-toggle-icon-left\" aria-hidden=\"true\">\n\t\t\t\t\t\t\t\t\t\t\t\t\t\t\t<span class=\"elementor-toggle-icon-closed\"><i class=\"fas fa-caret-right\"><\/i><\/span>\n\t\t\t\t\t\t\t\t<span class=\"elementor-toggle-icon-opened\"><i class=\"elementor-toggle-icon-opened fas fa-caret-up\"><\/i><\/span>\n\t\t\t\t\t\t\t\t\t\t\t\t\t<\/span>\n\t\t\t\t\t\t\t\t\t\t\t\t<a class=\"elementor-toggle-title\" tabindex=\"0\">Caisse maladie Stoffel<\/a>\n\t\t\t\t\t<\/div>\n\n\t\t\t\t\t<div id=\"elementor-tab-content-16518\" class=\"elementor-tab-content elementor-clearfix\" data-tab=\"18\" role=\"region\" aria-labelledby=\"elementor-tab-title-16518\"><p>Aucune information disponible.<br \/>\nVeuillez vous renseigner directement aupr\u00e8s de votre assurance maladie. <\/p>\n<\/div>\n\t\t\t\t<\/div>\n\t\t\t\t\t\t\t<div class=\"elementor-toggle-item\">\n\t\t\t\t\t<div id=\"elementor-tab-title-16519\" class=\"elementor-tab-title\" data-tab=\"19\" role=\"button\" aria-controls=\"elementor-tab-content-16519\" aria-expanded=\"false\">\n\t\t\t\t\t\t\t\t\t\t\t\t<span class=\"elementor-toggle-icon elementor-toggle-icon-left\" aria-hidden=\"true\">\n\t\t\t\t\t\t\t\t\t\t\t\t\t\t\t<span class=\"elementor-toggle-icon-closed\"><i class=\"fas fa-caret-right\"><\/i><\/span>\n\t\t\t\t\t\t\t\t<span class=\"elementor-toggle-icon-opened\"><i class=\"elementor-toggle-icon-opened fas fa-caret-up\"><\/i><\/span>\n\t\t\t\t\t\t\t\t\t\t\t\t\t<\/span>\n\t\t\t\t\t\t\t\t\t\t\t\t<a class=\"elementor-toggle-title\" tabindex=\"0\">Comment faire une demande de garantie de prise en charge aupr\u00e8s de ma caisse maladie ?<\/a>\n\t\t\t\t\t<\/div>\n\n\t\t\t\t\t<div id=\"elementor-tab-content-16519\" class=\"elementor-tab-content elementor-clearfix\" data-tab=\"19\" role=\"region\" aria-labelledby=\"elementor-tab-title-16519\"><p><span class=\"TextRun SCXW10605486 BCX0\" lang=\"DE-CH\" xml:lang=\"DE-CH\" data-contrast=\"auto\"><span class=\"NormalTextRun SCXW10605486 BCX0\">Le mieux est de t\u00e9l\u00e9phoner \u00e0 votre assurance et de demander <\/span><span class=\"NormalTextRun SCXW10605486 BCX0\">pour conna\u00eetre le montant exact de la prise en charge.<\/span><\/span><\/p>\n<p><span class=\"TextRun SCXW10605486 BCX0\" lang=\"DE-CH\" xml:lang=\"DE-CH\" data-contrast=\"auto\"><span class=\"NormalTextRun SCXW10605486 BCX0\">  C&rsquo;est avec plaisir que nous vous soutiendrons dans cette d\u00e9marche.<br \/>\nPour cela, contactez-nous au +41 79 190 80 90. <\/span><\/span><\/p>\n<\/div>\n\t\t\t\t<\/div>\n\t\t\t\t\t\t\t<div class=\"elementor-toggle-item\">\n\t\t\t\t\t<div id=\"elementor-tab-title-16520\" class=\"elementor-tab-title\" data-tab=\"20\" role=\"button\" aria-controls=\"elementor-tab-content-16520\" aria-expanded=\"false\">\n\t\t\t\t\t\t\t\t\t\t\t\t<span class=\"elementor-toggle-icon elementor-toggle-icon-left\" aria-hidden=\"true\">\n\t\t\t\t\t\t\t\t\t\t\t\t\t\t\t<span class=\"elementor-toggle-icon-closed\"><i class=\"fas fa-caret-right\"><\/i><\/span>\n\t\t\t\t\t\t\t\t<span class=\"elementor-toggle-icon-opened\"><i class=\"elementor-toggle-icon-opened fas fa-caret-up\"><\/i><\/span>\n\t\t\t\t\t\t\t\t\t\t\t\t\t<\/span>\n\t\t\t\t\t\t\t\t\t\t\t\t<a class=\"elementor-toggle-title\" tabindex=\"0\">Quels assureurs soutiennent cette m\u00e9thode de traitement via le RME ?<\/a>\n\t\t\t\t\t<\/div>\n\n\t\t\t\t\t<div id=\"elementor-tab-content-16520\" class=\"elementor-tab-content elementor-clearfix\" data-tab=\"20\" role=\"region\" aria-labelledby=\"elementor-tab-title-16520\"><ul class=\"icon-ul half\">\n<li><span class=\"text-primary\">Agrisano Caisse-maladie SA<\/span><\/li>\n<li><span class=\"text-primary\"><i class=\"icon icon-li icon-dash\"><\/i>Aquilana Assurances<\/span><\/li>\n<li><span class=\"text-primary\"><i class=\"icon icon-li icon-dash\"><\/i>AXA<\/span><\/li>\n<li><span class=\"text-primary\"><i class=\"icon icon-li icon-dash\"><\/i>EGK-Caisse de sant\u00e9<\/span><\/li>\n<li><span class=\"text-primary\"><i class=\"icon icon-li icon-dash\"><\/i>CPT Caisse-maladie SA<\/span><\/li>\n<li><span class=\"text-primary\"><i class=\"icon icon-li icon-dash\"><\/i>rhenusana<\/span><\/li>\n<li><span class=\"text-primary\"><i class=\"icon icon-li icon-dash\"><\/i>Groupe de sant\u00e9 Sodalis<\/span><\/li>\n<li><span class=\"text-primary\"><i class=\"icon icon-li icon-dash\"><\/i>Sumiswalder Kranken- und Unfallkasse (Caisse d&rsquo;assurance maladie et accidents de Sumiswald)<\/span><\/li>\n<li><span class=\"text-primary\"><i class=\"icon icon-li icon-dash\"><\/i>SWICA<\/span><\/li>\n<li><span class=\"text-primary\"><i class=\"icon icon-li icon-dash\"><\/i>Sympany Assurances SA<\/span><\/li>\n<li><span class=\"text-primary\"><i class=\"icon icon-li icon-dash\"><\/i>Suva &#8211; Assurance militaire<\/span><\/li>\n<li><span class=\"text-primary\"><i class=\"icon icon-li icon-dash\"><\/i>Provita<\/span><\/li>\n<\/ul>\n<p><a href=\"https:\/\/www.emr.ch\/partner\/salutacoach\/versicherer\/_\/personal-health-coach\">Plus d&rsquo;infos<\/a><\/p>\n<\/div>\n\t\t\t\t<\/div>\n\t\t\t\t\t\t\t\t<\/div>\n\t\t\t\t\t\t<\/div>\n\t\t\t\t<\/div>\n\t\t\t\t<\/div>\n\t\t\t\t\t<\/div>\n\t\t\t\t<\/div>\n\t\t<div data-particle_enable=\"false\" data-particle-mobile-disabled=\"false\" class=\"elementor-element elementor-element-3ad4c7ea e-flex e-con-boxed e-con e-parent\" data-id=\"3ad4c7ea\" data-element_type=\"container\" data-e-type=\"container\" id=\"wiesophc\">\n\t\t\t\t\t<div class=\"e-con-inner\">\n\t\t<div data-particle_enable=\"false\" data-particle-mobile-disabled=\"false\" class=\"elementor-element elementor-element-70d2bd25 e-con-full e-flex e-con e-child\" data-id=\"70d2bd25\" data-element_type=\"container\" data-e-type=\"container\" data-settings=\"{&quot;background_background&quot;:&quot;classic&quot;}\">\n\t\t\t\t<div class=\"elementor-element elementor-element-49476df1 elementor-widget elementor-widget-heading\" data-id=\"49476df1\" data-element_type=\"widget\" data-e-type=\"widget\" data-widget_type=\"heading.default\">\n\t\t\t\t<div class=\"elementor-widget-container\">\n\t\t\t\t\t<h2 class=\"elementor-heading-title elementor-size-default\">Pourquoi le coaching en sant\u00e9 personnelle ?<\/h2>\t\t\t\t<\/div>\n\t\t\t\t<\/div>\n\t\t\t\t<div class=\"elementor-element elementor-element-18bcacd8 elementor-widget elementor-widget-toggle\" data-id=\"18bcacd8\" data-element_type=\"widget\" data-e-type=\"widget\" data-widget_type=\"toggle.default\">\n\t\t\t\t<div class=\"elementor-widget-container\">\n\t\t\t\t\t\t\t<div class=\"elementor-toggle\">\n\t\t\t\t\t\t\t<div class=\"elementor-toggle-item\">\n\t\t\t\t\t<div id=\"elementor-tab-title-4151\" class=\"elementor-tab-title\" data-tab=\"1\" role=\"button\" aria-controls=\"elementor-tab-content-4151\" aria-expanded=\"false\">\n\t\t\t\t\t\t\t\t\t\t\t\t<span class=\"elementor-toggle-icon elementor-toggle-icon-left\" aria-hidden=\"true\">\n\t\t\t\t\t\t\t\t\t\t\t\t\t\t\t<span class=\"elementor-toggle-icon-closed\"><i class=\"fas fa-caret-right\"><\/i><\/span>\n\t\t\t\t\t\t\t\t<span class=\"elementor-toggle-icon-opened\"><i class=\"elementor-toggle-icon-opened fas fa-caret-up\"><\/i><\/span>\n\t\t\t\t\t\t\t\t\t\t\t\t\t<\/span>\n\t\t\t\t\t\t\t\t\t\t\t\t<a class=\"elementor-toggle-title\" tabindex=\"0\">Le coaching de sant\u00e9 personnel - en bref ?<\/a>\n\t\t\t\t\t<\/div>\n\n\t\t\t\t\t<div id=\"elementor-tab-content-4151\" class=\"elementor-tab-content elementor-clearfix\" data-tab=\"1\" role=\"region\" aria-labelledby=\"elementor-tab-title-4151\"><p><span class=\"EOP SCXW77951537 BCX0\" data-ccp-props=\"{}\"><span class=\"TextRun SCXW134940150 BCX0\" lang=\"DE-CH\" xml:lang=\"DE-CH\" data-contrast=\"auto\"><span class=\"NormalTextRun SCXW134940150 BCX0\">La m\u00e9thode de coaching est bas\u00e9e sur une approche globale &#8211; <strong>sport et activit\u00e9 physique<\/strong>, <strong>alimentation<\/strong> et <strong>r\u00e9gulation du stress<\/strong>. <\/span><span class=\"NormalTextRun SCXW134940150 BCX0\">Dans des s\u00e9ances r\u00e9guli\u00e8res<\/span><span class=\"NormalTextRun SCXW134940150 BCX0\"> <strong>Vid\u00e9oc<\/strong><\/span><strong><br \/>\n  <span class=\"NormalTextRun SCXW134940150 BCX0\">oachings <\/span><br \/>\n<\/strong><span class=\"NormalTextRun SCXW134940150 BCX0\">vous d\u00e9veloppez <\/span><span class=\"NormalTextRun SCXW134940150 BCX0\">avec votre <strong>coach personnel<\/strong> des solutions individuelles<\/span><span class=\"NormalTextRun SCXW134940150 BCX0\">olution,<\/span><span class=\"NormalTextRun SCXW134940150 BCX0\">  qui sont parfaitement adapt\u00e9s \u00e0 votre situation de vie.<br \/>\nVotre <\/span> <span class=\"NormalTextRun SCXW134940150 BCX0\"> coach est toujours \u00e0 vos c\u00f4t\u00e9s (<\/span><span class=\"NormalTextRun SpellingErrorV2 SCXW134940150 BCX0\">par exemple<\/span><span class=\"NormalTextRun SCXW134940150 BCX0\"> <\/span><span class=\"NormalTextRun SCXW134940150 BCX0\">messages courts) et en plus <\/span><span class=\"NormalTextRun SCXW134940150 BCX0\">vous \u00eates soutenu par une application de coaching interactive. <\/span><span class=\"NormalTextRun SCXW134940150 BCX0\">Le coaching de sant\u00e9 personnel a \u00e9t\u00e9 d\u00e9velopp\u00e9 et test\u00e9 \u00e0 l&rsquo;universit\u00e9 de B\u00e2le et se base sur des techniques de changement de comportement.<\/span><span class=\"NormalTextRun SCXW134940150 BCX0\"> Un coach de sant\u00e9 personnel apporte une formation de base de trois ans (<\/span><span class=\"NormalTextRun SpellingErrorV2 SCXW134940150 BCX0\">z. B<\/span><span class=\"NormalTextRun SCXW134940150 BCX0\">. <\/span><span class=\"NormalTextRun SCXW134940150 BCX0\">B.Sc.<\/span><span class=\"NormalTextRun SCXW134940150 BCX0\">. Connaissances sportives<\/span><span class=\"NormalTextRun SCXW134940150 BCX0\">s<\/span><span class=\"NormalTextRun SCXW134940150 BCX0\">Il suit une formation continue d&rsquo;un an pour devenir coach en sant\u00e9 personnelle. <\/span> <\/span><span class=\"EOP SCXW134940150 BCX0\" data-ccp-props=\"{}\"> <\/span> <\/span><\/p>\n<\/div>\n\t\t\t\t<\/div>\n\t\t\t\t\t\t\t<div class=\"elementor-toggle-item\">\n\t\t\t\t\t<div id=\"elementor-tab-title-4152\" class=\"elementor-tab-title\" data-tab=\"2\" role=\"button\" aria-controls=\"elementor-tab-content-4152\" aria-expanded=\"false\">\n\t\t\t\t\t\t\t\t\t\t\t\t<span class=\"elementor-toggle-icon elementor-toggle-icon-left\" aria-hidden=\"true\">\n\t\t\t\t\t\t\t\t\t\t\t\t\t\t\t<span class=\"elementor-toggle-icon-closed\"><i class=\"fas fa-caret-right\"><\/i><\/span>\n\t\t\t\t\t\t\t\t<span class=\"elementor-toggle-icon-opened\"><i class=\"elementor-toggle-icon-opened fas fa-caret-up\"><\/i><\/span>\n\t\t\t\t\t\t\t\t\t\t\t\t\t<\/span>\n\t\t\t\t\t\t\t\t\t\t\t\t<a class=\"elementor-toggle-title\" tabindex=\"0\">Qu'est-ce qu'une approche holistique ?  <\/a>\n\t\t\t\t\t<\/div>\n\n\t\t\t\t\t<div id=\"elementor-tab-content-4152\" class=\"elementor-tab-content elementor-clearfix\" data-tab=\"2\" role=\"region\" aria-labelledby=\"elementor-tab-title-4152\"><p><span class=\"TextRun SCXW227778193 BCX0\" lang=\"DE-CH\" xml:lang=\"DE-CH\" data-contrast=\"auto\"><span class=\"NormalTextRun SCXW227778193 BCX0\">Des \u00e9tudes ont montr\u00e9 que les programmes sont particuli\u00e8rement efficaces lorsqu&rsquo;ils traitent de diff\u00e9rents facteurs, tels que l&rsquo;alimentation, l&rsquo;activit\u00e9 physique et la sant\u00e9 mentale. <\/span><span class=\"NormalTextRun SCXW227778193 BCX0\">(<\/span><span class=\"NormalTextRun ContextualSpellingAndGrammarErrorV2 SCXW227778193 BCX0\">Magnani et<\/span><span class=\"NormalTextRun SCXW227778193 BCX0\"> al., 2018 ; <\/span><span class=\"NormalTextRun SpellingErrorV2 SCXW227778193 BCX0\">Umpierre<\/span><span class=\"NormalTextRun SCXW227778193 BCX0\"> et al., 2011)<\/span><span class=\"NormalTextRun SCXW227778193 BCX0\">. Le coaching de sant\u00e9 utilise cette approche globale en initiant des changements \u00e0 diff\u00e9rents niveaux.<\/span><span class=\"NormalTextRun SCXW227778193 BCX0\">n. Des interactions positives peuvent ainsi se produire et acc\u00e9l\u00e9rer le succ\u00e8s.  <\/span><\/span><span class=\"EOP SCXW227778193 BCX0\" data-ccp-props=\"{}\"> <\/span><\/p>\n<\/div>\n\t\t\t\t<\/div>\n\t\t\t\t\t\t\t<div class=\"elementor-toggle-item\">\n\t\t\t\t\t<div id=\"elementor-tab-title-4153\" class=\"elementor-tab-title\" data-tab=\"3\" role=\"button\" aria-controls=\"elementor-tab-content-4153\" aria-expanded=\"false\">\n\t\t\t\t\t\t\t\t\t\t\t\t<span class=\"elementor-toggle-icon elementor-toggle-icon-left\" aria-hidden=\"true\">\n\t\t\t\t\t\t\t\t\t\t\t\t\t\t\t<span class=\"elementor-toggle-icon-closed\"><i class=\"fas fa-caret-right\"><\/i><\/span>\n\t\t\t\t\t\t\t\t<span class=\"elementor-toggle-icon-opened\"><i class=\"elementor-toggle-icon-opened fas fa-caret-up\"><\/i><\/span>\n\t\t\t\t\t\t\t\t\t\t\t\t\t<\/span>\n\t\t\t\t\t\t\t\t\t\t\t\t<a class=\"elementor-toggle-title\" tabindex=\"0\">Pourquoi l'activit\u00e9 physique est-elle importante pour ma sant\u00e9 ?  <\/a>\n\t\t\t\t\t<\/div>\n\n\t\t\t\t\t<div id=\"elementor-tab-content-4153\" class=\"elementor-tab-content elementor-clearfix\" data-tab=\"3\" role=\"region\" aria-labelledby=\"elementor-tab-title-4153\"><p><span class=\"TextRun SCXW12544289 BCX0\" lang=\"DE-CH\" xml:lang=\"DE-CH\" data-contrast=\"auto\"><span class=\"NormalTextRun SCXW12544289 BCX0\">L&rsquo;homme est fait pour le mouvement. <\/span><span class=\"NormalTextRun SCXW12544289 BCX0\">Ou, pour le dire autrement, le mouvement est le seul moyen <\/span><span class=\"NormalTextRun ContextualSpellingAndGrammarErrorV2 SCXW12544289 BCX0\">moyen,<\/span><span class=\"NormalTextRun SCXW12544289 BCX0\"> pour \u00e9viter l&rsquo;inactivit\u00e9. <\/span> <span class=\"NormalTextRun SCXW12544289 BCX0\">L&rsquo;activit\u00e9 physique ne doit pas \u00eatre confondue avec le sport.<br \/>\nLes activit\u00e9s quotidiennes telles que marcher, monter les escaliers ou tondre la pelouse font d\u00e9j\u00e0 partie de l&rsquo;activit\u00e9 physique.   <\/span><span class=\"NormalTextRun SCXW12544289 BCX0\">En bougeant, on active la musculature, qui \u00e0 son tour augmente le flux sanguin. <\/span><span class=\"NormalTextRun SCXW12544289 BCX0\">et apporte non seulement de l&rsquo;oxyg\u00e8ne aux muscles cibles, mais aussi des d\u00e9chets. <\/span><span class=\"NormalTextRun SCXW12544289 BCX0\">Les cellules de l&rsquo;organisme sont ainsi plus actives et les d\u00e9chets sont \u00e9vacu\u00e9s.<\/span><span class=\"NormalTextRun SCXW12544289 BCX0\"> <\/span><span class=\"NormalTextRun SCXW12544289 BCX0\">L&rsquo;exercice physique n\u00e9cessite \u00e9galement plus d&rsquo;\u00e9nergie et lib\u00e8re diff\u00e9rentes hormones qui, d&rsquo;une part, nous aident \u00e0 perdre du poids et, d&rsquo;autre part, nous aident \u00e0 nous sentir mieux. <\/span><span class=\"NormalTextRun SCXW12544289 BCX0\">r\u00e9gulent notre gestion du poids, <\/span><span class=\"NormalTextRun SCXW12544289 BCX0\">mais aussi <\/span><span class=\"NormalTextRun SCXW12544289 BCX0\">aider \u00e0 lutter contre les humeurs d\u00e9pressives<\/span><span class=\"NormalTextRun SCXW12544289 BCX0\"> et m\u00eame renforcer notre syst\u00e8me immunitaire. <\/span><span class=\"NormalTextRun SCXW12544289 BCX0\">L&rsquo;exercice physique <\/span><span class=\"NormalTextRun SCXW12544289 BCX0\">les vaisseaux sanguins s&rsquo;adaptent \u00e0 l&rsquo;effort constant<\/span><span class=\"NormalTextRun SCXW12544289 BCX0\">Les personnes souffrant d&rsquo;ob\u00e9sit\u00e9 sont plus performantes et moins sujettes aux crises cardiaques.<br \/>\nOutre tous les effets physiologiques de l&rsquo;exercice   <\/span><span class=\"NormalTextRun SCXW12544289 BCX0\">L&rsquo;utilisation r\u00e9guli\u00e8re des muscles permet \u00e9galement de les garder souples et de ne pas les raccourcir, ce qui permet d&rsquo;\u00e9viter les blessures. <\/span><span class=\"NormalTextRun SCXW12544289 BCX0\">Les douleurs musculaires ou articulaires, comme l&rsquo;arthrose, sont ainsi \u00e9vit\u00e9es.<\/span><span class=\"NormalTextRun SCXW12544289 BCX0\">tion de la sant\u00e9.<br \/>\nEn bref, une activit\u00e9 physique r\u00e9guli\u00e8re a   <\/span><span class=\"NormalTextRun SCXW12544289 BCX0\">de nombreux effets mesurables dans <\/span><span class=\"NormalTextRun SCXW12544289 BCX0\">notre corps<\/span><span class=\"NormalTextRun SCXW12544289 BCX0\">.<\/span><\/span><span class=\"EOP SCXW12544289 BCX0\" data-ccp-props=\"{}\"> <\/span><\/p>\n<\/div>\n\t\t\t\t<\/div>\n\t\t\t\t\t\t\t<div class=\"elementor-toggle-item\">\n\t\t\t\t\t<div id=\"elementor-tab-title-4154\" class=\"elementor-tab-title\" data-tab=\"4\" role=\"button\" aria-controls=\"elementor-tab-content-4154\" aria-expanded=\"false\">\n\t\t\t\t\t\t\t\t\t\t\t\t<span class=\"elementor-toggle-icon elementor-toggle-icon-left\" aria-hidden=\"true\">\n\t\t\t\t\t\t\t\t\t\t\t\t\t\t\t<span class=\"elementor-toggle-icon-closed\"><i class=\"fas fa-caret-right\"><\/i><\/span>\n\t\t\t\t\t\t\t\t<span class=\"elementor-toggle-icon-opened\"><i class=\"elementor-toggle-icon-opened fas fa-caret-up\"><\/i><\/span>\n\t\t\t\t\t\t\t\t\t\t\t\t\t<\/span>\n\t\t\t\t\t\t\t\t\t\t\t\t<a class=\"elementor-toggle-title\" tabindex=\"0\">Quelle est la diff\u00e9rence avec un entra\u00eeneur personnel ?  <\/a>\n\t\t\t\t\t<\/div>\n\n\t\t\t\t\t<div id=\"elementor-tab-content-4154\" class=\"elementor-tab-content elementor-clearfix\" data-tab=\"4\" role=\"region\" aria-labelledby=\"elementor-tab-title-4154\"><p><span data-contrast=\"auto\">Si vous allez chez un personal trainer 2 fois par semaine et que vous faites votre entra\u00eenement, votre activit\u00e9 physique d\u00e9pendra du coach.<br \/>\nD\u00e8s que vous ne vous rendez plus chez l&rsquo;entra\u00eeneur personnel, vous manquez \u00e0 nouveau de motivation pour faire de l&rsquo;exercice.   <\/span><span data-ccp-props=\"{}\"> <\/span><\/p>\n<p><span data-contrast=\"auto\">Le coach de sant\u00e9 personnel n&rsquo;effectue pas l&rsquo;entra\u00eenement avec vous, mais il modifie avec vous votre comportement afin que vous puissiez maintenir votre activit\u00e9 physique \u00e0 long terme, m\u00eame apr\u00e8s la fin du coaching.<br \/>\nDe plus, un mode de vie sain ne d\u00e9pend pas uniquement du comportement en mati\u00e8re d&rsquo;activit\u00e9 physique, mais est \u00e9galement influenc\u00e9 par d&rsquo;autres facteurs, comme l&rsquo;alimentation ou le stress.<br \/>\nC&rsquo;est pourquoi les trois domaines doivent \u00eatre pris en compte pour un changement durable.    <\/span><span data-ccp-props=\"{}\"> <\/span><\/p>\n<p><span data-contrast=\"auto\">Les coachs en sant\u00e9 personnelle ont tous suivi une formation de longue dur\u00e9e dans les domaines de l&rsquo;activit\u00e9 physique, de la nutrition et de la sant\u00e9 mentale et disposent d&rsquo;une certification uniforme qui permet de faire prendre en charge le coaching par votre assurance compl\u00e9mentaire.  <\/span><span data-ccp-props=\"{}\"> <\/span><\/p>\n<\/div>\n\t\t\t\t<\/div>\n\t\t\t\t\t\t\t<div class=\"elementor-toggle-item\">\n\t\t\t\t\t<div id=\"elementor-tab-title-4155\" class=\"elementor-tab-title\" data-tab=\"5\" role=\"button\" aria-controls=\"elementor-tab-content-4155\" aria-expanded=\"false\">\n\t\t\t\t\t\t\t\t\t\t\t\t<span class=\"elementor-toggle-icon elementor-toggle-icon-left\" aria-hidden=\"true\">\n\t\t\t\t\t\t\t\t\t\t\t\t\t\t\t<span class=\"elementor-toggle-icon-closed\"><i class=\"fas fa-caret-right\"><\/i><\/span>\n\t\t\t\t\t\t\t\t<span class=\"elementor-toggle-icon-opened\"><i class=\"elementor-toggle-icon-opened fas fa-caret-up\"><\/i><\/span>\n\t\t\t\t\t\t\t\t\t\t\t\t\t<\/span>\n\t\t\t\t\t\t\t\t\t\t\t\t<a class=\"elementor-toggle-title\" tabindex=\"0\">Pourquoi le coaching de sant\u00e9 personnel se fait-il par t\u00e9l\u00e9phone ou par vid\u00e9o-t\u00e9l\u00e9phone ?  <\/a>\n\t\t\t\t\t<\/div>\n\n\t\t\t\t\t<div id=\"elementor-tab-content-4155\" class=\"elementor-tab-content elementor-clearfix\" data-tab=\"5\" role=\"region\" aria-labelledby=\"elementor-tab-title-4155\"><p><span class=\"TextRun SCXW81043064 BCX0\" lang=\"DE-CH\" xml:lang=\"DE-CH\" data-contrast=\"auto\"><span class=\"NormalTextRun SCXW81043064 BCX0\">Pour les coachings par t\u00e9l\u00e9phone ou vid\u00e9o<\/span><span class=\"NormalTextRun SCXW81043064 BCX0\"> les frais d&rsquo;inscription s&rsquo;\u00e9l\u00e8vent \u00e0 <\/span> <span class=\"NormalTextRun SCXW81043064 BCX0\">Les d\u00e9placements sont supprim\u00e9s et vous pouvez faire le coaching confortablement depuis chez vous.<br \/>\nDes \u00e9tudes ont   <\/span><span class=\"NormalTextRun SCXW81043064 BCX0\">en outre <\/span><span class=\"NormalTextRun SCXW81043064 BCX0\">a montr\u00e9 que le coaching par t\u00e9l\u00e9phone <\/span><span class=\"NormalTextRun SCXW81043064 BCX0\">des effets comparables \u00e0 ceux d&rsquo;un coaching sur place <\/span><span class=\"NormalTextRun SCXW81043064 BCX0\">pr\u00e9sentent des effets positifs.<\/span><span class=\"NormalTextRun SCXW81043064 BCX0\"> <\/span><\/span><\/p>\n<\/div>\n\t\t\t\t<\/div>\n\t\t\t\t\t\t\t<div class=\"elementor-toggle-item\">\n\t\t\t\t\t<div id=\"elementor-tab-title-4156\" class=\"elementor-tab-title\" data-tab=\"6\" role=\"button\" aria-controls=\"elementor-tab-content-4156\" aria-expanded=\"false\">\n\t\t\t\t\t\t\t\t\t\t\t\t<span class=\"elementor-toggle-icon elementor-toggle-icon-left\" aria-hidden=\"true\">\n\t\t\t\t\t\t\t\t\t\t\t\t\t\t\t<span class=\"elementor-toggle-icon-closed\"><i class=\"fas fa-caret-right\"><\/i><\/span>\n\t\t\t\t\t\t\t\t<span class=\"elementor-toggle-icon-opened\"><i class=\"elementor-toggle-icon-opened fas fa-caret-up\"><\/i><\/span>\n\t\t\t\t\t\t\t\t\t\t\t\t\t<\/span>\n\t\t\t\t\t\t\t\t\t\t\t\t<a class=\"elementor-toggle-title\" tabindex=\"0\">Pourquoi cela vaut-il la peine d'investir dans un coaching ?  <\/a>\n\t\t\t\t\t<\/div>\n\n\t\t\t\t\t<div id=\"elementor-tab-content-4156\" class=\"elementor-tab-content elementor-clearfix\" data-tab=\"6\" role=\"region\" aria-labelledby=\"elementor-tab-title-4156\"><p><span data-contrast=\"auto\">En adoptant un comportement sain, vous pouvez r\u00e9duire votre poids \u00e0 long terme, vous vous sentez plus \u00e9nergique au quotidien et vous avez moins de probl\u00e8mes physiques.<br \/>\nDe plus, il est prouv\u00e9 qu&rsquo;un comportement sain, avec suffisamment d&rsquo;exercice, une alimentation saine et peu de stress, peut pr\u00e9venir de nombreuses maladies chroniques, telles que les crises cardiaques, l&rsquo;hypertension ou le diab\u00e8te.   <\/span><span data-ccp-props=\"{}\"> <\/span><\/p>\n<p><span data-contrast=\"auto\">Cependant, les comportements malsains apparaissent insidieusement et lorsque les premiers effets se font sentir, il est souvent difficile de les modifier.<br \/>\nUn coach de sant\u00e9 personnel aide, gr\u00e2ce \u00e0 un regard ext\u00e9rieur et une analyse claire, \u00e0 reconna\u00eetre ces comportements et surtout \u00e0 d\u00e9clencher des changements de direction d\u00e9cisifs afin que vous puissiez modifier votre comportement. <\/span><span data-ccp-props=\"{}\"> <\/span><\/p>\n<\/div>\n\t\t\t\t<\/div>\n\t\t\t\t\t\t\t<div class=\"elementor-toggle-item\">\n\t\t\t\t\t<div id=\"elementor-tab-title-4157\" class=\"elementor-tab-title\" data-tab=\"7\" role=\"button\" aria-controls=\"elementor-tab-content-4157\" aria-expanded=\"false\">\n\t\t\t\t\t\t\t\t\t\t\t\t<span class=\"elementor-toggle-icon elementor-toggle-icon-left\" aria-hidden=\"true\">\n\t\t\t\t\t\t\t\t\t\t\t\t\t\t\t<span class=\"elementor-toggle-icon-closed\"><i class=\"fas fa-caret-right\"><\/i><\/span>\n\t\t\t\t\t\t\t\t<span class=\"elementor-toggle-icon-opened\"><i class=\"elementor-toggle-icon-opened fas fa-caret-up\"><\/i><\/span>\n\t\t\t\t\t\t\t\t\t\t\t\t\t<\/span>\n\t\t\t\t\t\t\t\t\t\t\t\t<a class=\"elementor-toggle-title\" tabindex=\"0\">Pourquoi le coaching en sant\u00e9 personnelle est-il si cher ?  <\/a>\n\t\t\t\t\t<\/div>\n\n\t\t\t\t\t<div id=\"elementor-tab-content-4157\" class=\"elementor-tab-content elementor-clearfix\" data-tab=\"7\" role=\"region\" aria-labelledby=\"elementor-tab-title-4157\"><p><span data-contrast=\"auto\">Pour un coaching de 6 mois, un coaching de sant\u00e9 personnel ne co\u00fbte que 182 par mois.<\/span><span data-contrast=\"auto\"> <\/span><span data-contrast=\"auto\">Ce prix comprend un contact personnel de longue dur\u00e9e avec l&rsquo;un des coachs bien form\u00e9s.<\/span><\/p>\n<p><span data-contrast=\"auto\">En r\u00e8gle g\u00e9n\u00e9rale, on d\u00e9pense plus par mois pour une voiture que ce que co\u00fbterait un coaching de sant\u00e9 personnel.  <\/span><span data-ccp-props=\"{}\"> <\/span><\/p>\n<p><span data-contrast=\"auto\">Gr\u00e2ce \u00e0 la contribution de votre assurance compl\u00e9mentaire, un coaching co\u00fbte en outre encore moins cher.<br \/>\nRenseignez-vous sur le montant que votre assurance paiera pour le coaching.   <\/span><span data-ccp-props=\"{}\"> <\/span><\/p>\n<\/div>\n\t\t\t\t<\/div>\n\t\t\t\t\t\t\t\t<\/div>\n\t\t\t\t\t\t<\/div>\n\t\t\t\t<\/div>\n\t\t\t\t<\/div>\n\t\t\t\t\t<\/div>\n\t\t\t\t<\/div>\n\t\t<div data-particle_enable=\"false\" data-particle-mobile-disabled=\"false\" class=\"elementor-element elementor-element-b240c43 e-flex e-con-boxed e-con e-parent\" data-id=\"b240c43\" data-element_type=\"container\" data-e-type=\"container\" id=\"wasphc\">\n\t\t\t\t\t<div class=\"e-con-inner\">\n\t\t<div data-particle_enable=\"false\" data-particle-mobile-disabled=\"false\" class=\"elementor-element elementor-element-4fc45224 e-con-full e-flex e-con e-child\" data-id=\"4fc45224\" data-element_type=\"container\" data-e-type=\"container\" data-settings=\"{&quot;background_background&quot;:&quot;classic&quot;}\">\n\t\t\t\t<div class=\"elementor-element elementor-element-6461cd18 elementor-widget elementor-widget-heading\" data-id=\"6461cd18\" data-element_type=\"widget\" data-e-type=\"widget\" data-widget_type=\"heading.default\">\n\t\t\t\t<div class=\"elementor-widget-container\">\n\t\t\t\t\t<h2 class=\"elementor-heading-title elementor-size-default\">Que comprend le coaching en sant\u00e9 personnelle ?<\/h2>\t\t\t\t<\/div>\n\t\t\t\t<\/div>\n\t\t\t\t<div class=\"elementor-element elementor-element-595732b4 elementor-widget elementor-widget-toggle\" data-id=\"595732b4\" data-element_type=\"widget\" data-e-type=\"widget\" data-widget_type=\"toggle.default\">\n\t\t\t\t<div class=\"elementor-widget-container\">\n\t\t\t\t\t\t\t<div class=\"elementor-toggle\">\n\t\t\t\t\t\t\t<div class=\"elementor-toggle-item\">\n\t\t\t\t\t<div id=\"elementor-tab-title-1491\" class=\"elementor-tab-title\" data-tab=\"1\" role=\"button\" aria-controls=\"elementor-tab-content-1491\" aria-expanded=\"false\">\n\t\t\t\t\t\t\t\t\t\t\t\t<span class=\"elementor-toggle-icon elementor-toggle-icon-left\" aria-hidden=\"true\">\n\t\t\t\t\t\t\t\t\t\t\t\t\t\t\t<span class=\"elementor-toggle-icon-closed\"><i class=\"fas fa-caret-right\"><\/i><\/span>\n\t\t\t\t\t\t\t\t<span class=\"elementor-toggle-icon-opened\"><i class=\"elementor-toggle-icon-opened fas fa-caret-up\"><\/i><\/span>\n\t\t\t\t\t\t\t\t\t\t\t\t\t<\/span>\n\t\t\t\t\t\t\t\t\t\t\t\t<a class=\"elementor-toggle-title\" tabindex=\"0\">Combien de coachings vais-je recevoir exactement ?  <\/a>\n\t\t\t\t\t<\/div>\n\n\t\t\t\t\t<div id=\"elementor-tab-content-1491\" class=\"elementor-tab-content elementor-clearfix\" data-tab=\"1\" role=\"region\" aria-labelledby=\"elementor-tab-title-1491\"><p><span data-contrast=\"auto\">Le nombre de coachings varie en fonction du programme choisi et de la dur\u00e9e de chaque unit\u00e9 de coaching.<br \/>\nAu d\u00e9but, vous \u00eates en contact r\u00e9gulier avec votre coach et, au fur et \u00e0 mesure, la fr\u00e9quence des coachings diminue afin de vous pr\u00e9parer \u00e0 la p\u00e9riode sans coaching.<br \/>\nLa dur\u00e9e du coaching est estim\u00e9e \u00e0 30 minutes.<br \/>\nSi vos s\u00e9ances de coaching durent moins longtemps, vous aurez plus de coachings au total et vice versa.     <\/span><span data-ccp-props=\"{}\"> <\/span><\/p>\n<p><span data-ccp-props=\"{}\"> <\/span><\/p>\n<p><span data-contrast=\"auto\">Pour une dur\u00e9e de 30 min\/coaching, vous recevez le nombre de coachings suivant :<\/span><span data-ccp-props=\"{}\"> <\/span><\/p>\n<p><span data-contrast=\"auto\">1 mois :<\/span> 3<span data-ccp-props=\"{}\"> <\/span><\/p>\n<p><span data-contrast=\"auto\">3 mois :<\/span> 6<span data-ccp-props=\"{}\"> <\/span><\/p>\n<p><span data-contrast=\"auto\">6 mois :<\/span> 10<span data-ccp-props=\"{}\"> <\/span><\/p>\n<p><span data-contrast=\"auto\">12 mois \u00ab\u00a0Intensif\u00a0\u00bb :<\/span> <span data-contrast=\"auto\">28<\/span><span data-ccp-props=\"{}\"> <\/span><\/p>\n<p><span data-ccp-props=\"{}\"> <\/span><\/p>\n<p><span data-contrast=\"auto\">Chaque programme comprend le temps de pr\u00e9paration et de suivi, un journal de coaching (r\u00e9sum\u00e9 d\u00e9taill\u00e9 du coaching avec des conseils de mise en pratique, etc.), l&rsquo;utilisation de l&rsquo;application et l&rsquo;analyse de l&rsquo;anamn\u00e8se de sant\u00e9.  <\/span><span data-ccp-props=\"{}\"> <\/span><\/p>\n<\/div>\n\t\t\t\t<\/div>\n\t\t\t\t\t\t\t<div class=\"elementor-toggle-item\">\n\t\t\t\t\t<div id=\"elementor-tab-title-1492\" class=\"elementor-tab-title\" data-tab=\"2\" role=\"button\" aria-controls=\"elementor-tab-content-1492\" aria-expanded=\"false\">\n\t\t\t\t\t\t\t\t\t\t\t\t<span class=\"elementor-toggle-icon elementor-toggle-icon-left\" aria-hidden=\"true\">\n\t\t\t\t\t\t\t\t\t\t\t\t\t\t\t<span class=\"elementor-toggle-icon-closed\"><i class=\"fas fa-caret-right\"><\/i><\/span>\n\t\t\t\t\t\t\t\t<span class=\"elementor-toggle-icon-opened\"><i class=\"elementor-toggle-icon-opened fas fa-caret-up\"><\/i><\/span>\n\t\t\t\t\t\t\t\t\t\t\t\t\t<\/span>\n\t\t\t\t\t\t\t\t\t\t\t\t<a class=\"elementor-toggle-title\" tabindex=\"0\">Combien de temps dure un coaching ?<\/a>\n\t\t\t\t\t<\/div>\n\n\t\t\t\t\t<div id=\"elementor-tab-content-1492\" class=\"elementor-tab-content elementor-clearfix\" data-tab=\"2\" role=\"region\" aria-labelledby=\"elementor-tab-title-1492\"><p><span class=\"TextRun SCXW132323462 BCX0\" lang=\"DE-CH\" xml:lang=\"DE-CH\" data-contrast=\"auto\"><span class=\"NormalTextRun SCXW132323462 BCX0\">La dur\u00e9e diff\u00e8re selon le programme que vous choisissez. <\/span><span class=\"NormalTextRun SCXW132323462 BCX0\">Les programmes varient de 1 \u00e0 12 mois. <\/span><span class=\"NormalTextRun SCXW132323462 BCX0\">Le comportement ne change pas d&rsquo;un jour \u00e0 l&rsquo;autre.<\/span><span class=\"NormalTextRun ContextualSpellingAndGrammarErrorV2 SCXW132323462 BCX0\">eute<\/span><span class=\"NormalTextRun SCXW132323462 BCX0\"> du jour au lendemain, nous recommandons <\/span><span class=\"NormalTextRun SCXW132323462 BCX0\">le coaching de 6 mois. <\/span> <\/span><span class=\"EOP SCXW132323462 BCX0\" data-ccp-props=\"{}\"> <\/span><\/p>\n<\/div>\n\t\t\t\t<\/div>\n\t\t\t\t\t\t\t<div class=\"elementor-toggle-item\">\n\t\t\t\t\t<div id=\"elementor-tab-title-1493\" class=\"elementor-tab-title\" data-tab=\"3\" role=\"button\" aria-controls=\"elementor-tab-content-1493\" aria-expanded=\"false\">\n\t\t\t\t\t\t\t\t\t\t\t\t<span class=\"elementor-toggle-icon elementor-toggle-icon-left\" aria-hidden=\"true\">\n\t\t\t\t\t\t\t\t\t\t\t\t\t\t\t<span class=\"elementor-toggle-icon-closed\"><i class=\"fas fa-caret-right\"><\/i><\/span>\n\t\t\t\t\t\t\t\t<span class=\"elementor-toggle-icon-opened\"><i class=\"elementor-toggle-icon-opened fas fa-caret-up\"><\/i><\/span>\n\t\t\t\t\t\t\t\t\t\t\t\t\t<\/span>\n\t\t\t\t\t\t\t\t\t\t\t\t<a class=\"elementor-toggle-title\" tabindex=\"0\">Puis-je choisir mon coach ?  <\/a>\n\t\t\t\t\t<\/div>\n\n\t\t\t\t\t<div id=\"elementor-tab-content-1493\" class=\"elementor-tab-content elementor-clearfix\" data-tab=\"3\" role=\"region\" aria-labelledby=\"elementor-tab-title-1493\"><p><span class=\"TextRun SCXW144101143 BCX0\" lang=\"DE-CH\" xml:lang=\"DE-CH\" data-contrast=\"auto\"><span class=\"NormalTextRun SCXW144101143 BCX0\">Le personnel <\/span><span class=\"NormalTextRun SCXW144101143 BCX0\">Sant\u00e9<\/span><span class=\"NormalTextRun SCXW144101143 BCX0\">  Le coaching est adapt\u00e9 \u00e0 vos besoins individuels.<br \/>\nVous pouvez   <\/span><span class=\"NormalTextRun SCXW144101143 BCX0\">Indiquer les pr\u00e9f\u00e9rences concernant les caract\u00e9ristiques de votre coach (sexe, \u00e2ge, etc.) Ou vous pouvez directement sur le site <\/span><span class=\"NormalTextRun SCXW144101143 BCX0\">choisir un coach qui vous convient.<\/span><\/span><span class=\"EOP SCXW144101143 BCX0\" data-ccp-props=\"{}\"> <\/span><\/p>\n<\/div>\n\t\t\t\t<\/div>\n\t\t\t\t\t\t\t<div class=\"elementor-toggle-item\">\n\t\t\t\t\t<div id=\"elementor-tab-title-1494\" class=\"elementor-tab-title\" data-tab=\"4\" role=\"button\" aria-controls=\"elementor-tab-content-1494\" aria-expanded=\"false\">\n\t\t\t\t\t\t\t\t\t\t\t\t<span class=\"elementor-toggle-icon elementor-toggle-icon-left\" aria-hidden=\"true\">\n\t\t\t\t\t\t\t\t\t\t\t\t\t\t\t<span class=\"elementor-toggle-icon-closed\"><i class=\"fas fa-caret-right\"><\/i><\/span>\n\t\t\t\t\t\t\t\t<span class=\"elementor-toggle-icon-opened\"><i class=\"elementor-toggle-icon-opened fas fa-caret-up\"><\/i><\/span>\n\t\t\t\t\t\t\t\t\t\t\t\t\t<\/span>\n\t\t\t\t\t\t\t\t\t\t\t\t<a class=\"elementor-toggle-title\" tabindex=\"0\">Que propose la plate-forme de coaching ?<\/a>\n\t\t\t\t\t<\/div>\n\n\t\t\t\t\t<div id=\"elementor-tab-content-1494\" class=\"elementor-tab-content elementor-clearfix\" data-tab=\"4\" role=\"region\" aria-labelledby=\"elementor-tab-title-1494\"><p><span data-contrast=\"auto\">La plate-forme de coaching simplifie l&rsquo;ensemble du processus de coaching et a les fonctions suivantes :<\/span><span data-ccp-props=\"{}\"> <\/span><\/p>\n<ul>\n<li data-leveltext=\"\uf0b7\" data-font=\"Symbol\" data-listid=\"2\" aria-setsize=\"-1\" data-aria-posinset=\"1\" data-aria-level=\"1\"><span data-contrast=\"auto\">Communication : la plate-forme int\u00e8gre une fonction de chat et d&rsquo;appel vid\u00e9o.  <\/span><span data-ccp-props=\"{\"> <\/span><\/li>\n<li data-leveltext=\"\uf0b7\" data-font=\"Symbol\" data-listid=\"2\" aria-setsize=\"-1\" data-aria-posinset=\"2\" data-aria-level=\"1\"><span data-contrast=\"auto\">Planification : en mati\u00e8re de changement de comportement, il est prouv\u00e9 que la planification et la documentation des activit\u00e9s sont essentielles.<br \/>\nLa plateforme vous permet de documenter vos activit\u00e9s physiques, alimentaires ou autres, et votre coach peut \u00e9galement consulter vos activit\u00e9s. <\/span><span data-ccp-props=\"{\"> <\/span><\/li>\n<li data-leveltext=\"\uf0b7\" data-font=\"Symbol\" data-listid=\"2\" aria-setsize=\"-1\" data-aria-posinset=\"3\" data-aria-level=\"1\"><span data-contrast=\"auto\">Aper\u00e7u : vous pouvez documenter vos donn\u00e9es vitales et avoir en permanence un aper\u00e7u des progr\u00e8s que vous avez d\u00e9j\u00e0 r\u00e9alis\u00e9s.<\/span><span data-ccp-props=\"{\"> <\/span><\/li>\n<\/ul>\n<ul>\n<li data-leveltext=\"\uf0b7\" data-font=\"Symbol\" data-listid=\"2\" aria-setsize=\"-1\" data-aria-posinset=\"1\" data-aria-level=\"1\"><span data-contrast=\"auto\">S\u00e9curit\u00e9 des donn\u00e9es : la plateforme offre le plus haut niveau de s\u00e9curit\u00e9 des donn\u00e9es et permet un \u00e9change s\u00e9curis\u00e9 entre vous et votre coach.  <\/span><span data-ccp-props=\"{\"> <\/span><\/li>\n<\/ul>\n<\/div>\n\t\t\t\t<\/div>\n\t\t\t\t\t\t\t<div class=\"elementor-toggle-item\">\n\t\t\t\t\t<div id=\"elementor-tab-title-1495\" class=\"elementor-tab-title\" data-tab=\"5\" role=\"button\" aria-controls=\"elementor-tab-content-1495\" aria-expanded=\"false\">\n\t\t\t\t\t\t\t\t\t\t\t\t<span class=\"elementor-toggle-icon elementor-toggle-icon-left\" aria-hidden=\"true\">\n\t\t\t\t\t\t\t\t\t\t\t\t\t\t\t<span class=\"elementor-toggle-icon-closed\"><i class=\"fas fa-caret-right\"><\/i><\/span>\n\t\t\t\t\t\t\t\t<span class=\"elementor-toggle-icon-opened\"><i class=\"elementor-toggle-icon-opened fas fa-caret-up\"><\/i><\/span>\n\t\t\t\t\t\t\t\t\t\t\t\t\t<\/span>\n\t\t\t\t\t\t\t\t\t\t\t\t<a class=\"elementor-toggle-title\" tabindex=\"0\">Mes donn\u00e9es sont-elles en s\u00e9curit\u00e9 ?<\/a>\n\t\t\t\t\t<\/div>\n\n\t\t\t\t\t<div id=\"elementor-tab-content-1495\" class=\"elementor-tab-content elementor-clearfix\" data-tab=\"5\" role=\"region\" aria-labelledby=\"elementor-tab-title-1495\"><p><span class=\"TextRun SCXW235014057 BCX0\" lang=\"DE-CH\" xml:lang=\"DE-CH\" data-contrast=\"auto\"><span class=\"NormalTextRun SCXW235014057 BCX0\">Tous nos coachs sont soumis \u00e0<\/span><span class=\"NormalTextRun SCXW235014057 BCX0\">comme il est d&rsquo;usage dans le milieu m\u00e9dical\/th\u00e9rapeutique,<\/span><span class=\"NormalTextRun SCXW235014057 BCX0\"> au secret professionnel<\/span><span class=\"NormalTextRun SCXW235014057 BCX0\">Obligation d&rsquo;information<\/span><span class=\"NormalTextRun SCXW235014057 BCX0\">. Via l&rsquo;application \u00ab\u00a0<\/span><span class=\"NormalTextRun SpellingErrorV2 SCXW235014057 BCX0\">Docdok<\/span><span class=\"NormalTextRun SCXW235014057 BCX0\">\u00a0\u00bb <\/span><span class=\"NormalTextRun SCXW235014057 BCX0\">toutes leurs donn\u00e9es sont conserv\u00e9es en toute s\u00e9curit\u00e9. <\/span> <\/span><span class=\"EOP SCXW235014057 BCX0\" data-ccp-props=\"{}\"> <\/span><\/p>\n<\/div>\n\t\t\t\t<\/div>\n\t\t\t\t\t\t\t<div class=\"elementor-toggle-item\">\n\t\t\t\t\t<div id=\"elementor-tab-title-1496\" class=\"elementor-tab-title\" data-tab=\"6\" role=\"button\" aria-controls=\"elementor-tab-content-1496\" aria-expanded=\"false\">\n\t\t\t\t\t\t\t\t\t\t\t\t<span class=\"elementor-toggle-icon elementor-toggle-icon-left\" aria-hidden=\"true\">\n\t\t\t\t\t\t\t\t\t\t\t\t\t\t\t<span class=\"elementor-toggle-icon-closed\"><i class=\"fas fa-caret-right\"><\/i><\/span>\n\t\t\t\t\t\t\t\t<span class=\"elementor-toggle-icon-opened\"><i class=\"elementor-toggle-icon-opened fas fa-caret-up\"><\/i><\/span>\n\t\t\t\t\t\t\t\t\t\t\t\t\t<\/span>\n\t\t\t\t\t\t\t\t\t\t\t\t<a class=\"elementor-toggle-title\" tabindex=\"0\">Puis-je changer de coach s'il ne me convient pas ?  <\/a>\n\t\t\t\t\t<\/div>\n\n\t\t\t\t\t<div id=\"elementor-tab-content-1496\" class=\"elementor-tab-content elementor-clearfix\" data-tab=\"6\" role=\"region\" aria-labelledby=\"elementor-tab-title-1496\"><p><span data-contrast=\"auto\">La relation avec votre coach est essentielle. Si vous constatez que le coach ne vous convient pas, vous pouvez nous contacter \u00e0 tout moment et nous trouverons un nouveau coach pour vous.  <\/span><span data-ccp-props=\"{}\"> <\/span><\/p>\n<p><a href=\"mailto:info@salutacoach.ch\"><br \/>\n  <span data-contrast=\"none\">info@salutacoach.ch<\/span><br \/>\n<\/a><span data-contrast=\"auto\"> \/ 0800 190 190<\/span><span data-ccp-props=\"{}\"> <\/span><\/p>\n<\/div>\n\t\t\t\t<\/div>\n\t\t\t\t\t\t\t\t<\/div>\n\t\t\t\t\t\t<\/div>\n\t\t\t\t<\/div>\n\t\t\t\t<\/div>\n\t\t\t\t\t<\/div>\n\t\t\t\t<\/div>\n\t\t<div data-particle_enable=\"false\" data-particle-mobile-disabled=\"false\" class=\"elementor-element elementor-element-45a37e8e e-flex e-con-boxed e-con e-parent\" data-id=\"45a37e8e\" data-element_type=\"container\" data-e-type=\"container\">\n\t\t\t\t\t<div class=\"e-con-inner\">\n\t\t<div data-particle_enable=\"false\" data-particle-mobile-disabled=\"false\" class=\"elementor-element elementor-element-3b35d68c e-con-full e-flex e-con e-child\" data-id=\"3b35d68c\" data-element_type=\"container\" data-e-type=\"container\" data-settings=\"{&quot;background_background&quot;:&quot;classic&quot;}\">\n\t\t\t\t<div class=\"elementor-element elementor-element-29cc7b1a elementor-widget elementor-widget-heading\" data-id=\"29cc7b1a\" data-element_type=\"widget\" data-e-type=\"widget\" data-widget_type=\"heading.default\">\n\t\t\t\t<div class=\"elementor-widget-container\">\n\t\t\t\t\t<h2 class=\"elementor-heading-title elementor-size-default\">Questions sur la plateforme de coaching<\/h2>\t\t\t\t<\/div>\n\t\t\t\t<\/div>\n\t\t\t\t<div class=\"elementor-element elementor-element-2e88cfac elementor-widget elementor-widget-toggle\" data-id=\"2e88cfac\" data-element_type=\"widget\" data-e-type=\"widget\" data-widget_type=\"toggle.default\">\n\t\t\t\t<div class=\"elementor-widget-container\">\n\t\t\t\t\t\t\t<div class=\"elementor-toggle\">\n\t\t\t\t\t\t\t<div class=\"elementor-toggle-item\">\n\t\t\t\t\t<div id=\"elementor-tab-title-7801\" class=\"elementor-tab-title\" data-tab=\"1\" role=\"button\" aria-controls=\"elementor-tab-content-7801\" aria-expanded=\"false\">\n\t\t\t\t\t\t\t\t\t\t\t\t<span class=\"elementor-toggle-icon elementor-toggle-icon-left\" aria-hidden=\"true\">\n\t\t\t\t\t\t\t\t\t\t\t\t\t\t\t<span class=\"elementor-toggle-icon-closed\"><i class=\"fas fa-caret-right\"><\/i><\/span>\n\t\t\t\t\t\t\t\t<span class=\"elementor-toggle-icon-opened\"><i class=\"elementor-toggle-icon-opened fas fa-caret-up\"><\/i><\/span>\n\t\t\t\t\t\t\t\t\t\t\t\t\t<\/span>\n\t\t\t\t\t\t\t\t\t\t\t\t<a class=\"elementor-toggle-title\" tabindex=\"0\">Quand puis-je avoir acc\u00e8s \u00e0 la plate-forme ?<\/a>\n\t\t\t\t\t<\/div>\n\n\t\t\t\t\t<div id=\"elementor-tab-content-7801\" class=\"elementor-tab-content elementor-clearfix\" data-tab=\"1\" role=\"region\" aria-labelledby=\"elementor-tab-title-7801\"><p>Pour chaque programme de coaching \u00e0 partir d&rsquo;un mois, tu re\u00e7ois un acc\u00e8s \u00e0 notre plateforme de coaching. Tu recevras le lien pour t&rsquo;inscrire d\u00e8s que tu auras r\u00e9serv\u00e9 le programme et rempli le questionnaire de sant\u00e9.<\/p>\n<\/div>\n\t\t\t\t<\/div>\n\t\t\t\t\t\t\t<div class=\"elementor-toggle-item\">\n\t\t\t\t\t<div id=\"elementor-tab-title-7802\" class=\"elementor-tab-title\" data-tab=\"2\" role=\"button\" aria-controls=\"elementor-tab-content-7802\" aria-expanded=\"false\">\n\t\t\t\t\t\t\t\t\t\t\t\t<span class=\"elementor-toggle-icon elementor-toggle-icon-left\" aria-hidden=\"true\">\n\t\t\t\t\t\t\t\t\t\t\t\t\t\t\t<span class=\"elementor-toggle-icon-closed\"><i class=\"fas fa-caret-right\"><\/i><\/span>\n\t\t\t\t\t\t\t\t<span class=\"elementor-toggle-icon-opened\"><i class=\"elementor-toggle-icon-opened fas fa-caret-up\"><\/i><\/span>\n\t\t\t\t\t\t\t\t\t\t\t\t\t<\/span>\n\t\t\t\t\t\t\t\t\t\t\t\t<a class=\"elementor-toggle-title\" tabindex=\"0\">Comment se connecter ?<\/a>\n\t\t\t\t\t<\/div>\n\n\t\t\t\t\t<div id=\"elementor-tab-content-7802\" class=\"elementor-tab-content elementor-clearfix\" data-tab=\"2\" role=\"region\" aria-labelledby=\"elementor-tab-title-7802\"><p>Apr\u00e8s vous \u00eatre enregistr\u00e9 avec votre adresse e-mail, vous pouvez vous reconnecter via notre site Web (bouton \u00ab\u00a0Login\u00a0\u00bb en haut \u00e0 droite) ou via le lien suivant : <a href=\"http:\/\/app.salutacoach.ch\">app.salutacoach.ch<\/a><\/p>\n<\/div>\n\t\t\t\t<\/div>\n\t\t\t\t\t\t\t<div class=\"elementor-toggle-item\">\n\t\t\t\t\t<div id=\"elementor-tab-title-7803\" class=\"elementor-tab-title\" data-tab=\"3\" role=\"button\" aria-controls=\"elementor-tab-content-7803\" aria-expanded=\"false\">\n\t\t\t\t\t\t\t\t\t\t\t\t<span class=\"elementor-toggle-icon elementor-toggle-icon-left\" aria-hidden=\"true\">\n\t\t\t\t\t\t\t\t\t\t\t\t\t\t\t<span class=\"elementor-toggle-icon-closed\"><i class=\"fas fa-caret-right\"><\/i><\/span>\n\t\t\t\t\t\t\t\t<span class=\"elementor-toggle-icon-opened\"><i class=\"elementor-toggle-icon-opened fas fa-caret-up\"><\/i><\/span>\n\t\t\t\t\t\t\t\t\t\t\t\t\t<\/span>\n\t\t\t\t\t\t\t\t\t\t\t\t<a class=\"elementor-toggle-title\" tabindex=\"0\">Puis-je utiliser la plate-forme sur mon t\u00e9l\u00e9phone portable ?<\/a>\n\t\t\t\t\t<\/div>\n\n\t\t\t\t\t<div id=\"elementor-tab-content-7803\" class=\"elementor-tab-content elementor-clearfix\" data-tab=\"3\" role=\"region\" aria-labelledby=\"elementor-tab-title-7803\"><p>Oui ! \ud83d\ude42<\/p>\n<\/div>\n\t\t\t\t<\/div>\n\t\t\t\t\t\t\t<div class=\"elementor-toggle-item\">\n\t\t\t\t\t<div id=\"elementor-tab-title-7804\" class=\"elementor-tab-title\" data-tab=\"4\" role=\"button\" aria-controls=\"elementor-tab-content-7804\" aria-expanded=\"false\">\n\t\t\t\t\t\t\t\t\t\t\t\t<span class=\"elementor-toggle-icon elementor-toggle-icon-left\" aria-hidden=\"true\">\n\t\t\t\t\t\t\t\t\t\t\t\t\t\t\t<span class=\"elementor-toggle-icon-closed\"><i class=\"fas fa-caret-right\"><\/i><\/span>\n\t\t\t\t\t\t\t\t<span class=\"elementor-toggle-icon-opened\"><i class=\"elementor-toggle-icon-opened fas fa-caret-up\"><\/i><\/span>\n\t\t\t\t\t\t\t\t\t\t\t\t\t<\/span>\n\t\t\t\t\t\t\t\t\t\t\t\t<a class=\"elementor-toggle-title\" tabindex=\"0\">Comment ajouter la plate-forme \u00e0 l'\u00e9cran d'accueil ?<\/a>\n\t\t\t\t\t<\/div>\n\n\t\t\t\t\t<div id=\"elementor-tab-content-7804\" class=\"elementor-tab-content elementor-clearfix\" data-tab=\"4\" role=\"region\" aria-labelledby=\"elementor-tab-title-7804\"><p>Clique ici pour les instructions vid\u00e9o pour iPhone \/iPad (IOS).<\/p>\n<p>Voir ici le guide vid\u00e9o pour Android.<\/p>\n<\/div>\n\t\t\t\t<\/div>\n\t\t\t\t\t\t\t<div class=\"elementor-toggle-item\">\n\t\t\t\t\t<div id=\"elementor-tab-title-7805\" class=\"elementor-tab-title\" data-tab=\"5\" role=\"button\" aria-controls=\"elementor-tab-content-7805\" aria-expanded=\"false\">\n\t\t\t\t\t\t\t\t\t\t\t\t<span class=\"elementor-toggle-icon elementor-toggle-icon-left\" aria-hidden=\"true\">\n\t\t\t\t\t\t\t\t\t\t\t\t\t\t\t<span class=\"elementor-toggle-icon-closed\"><i class=\"fas fa-caret-right\"><\/i><\/span>\n\t\t\t\t\t\t\t\t<span class=\"elementor-toggle-icon-opened\"><i class=\"elementor-toggle-icon-opened fas fa-caret-up\"><\/i><\/span>\n\t\t\t\t\t\t\t\t\t\t\t\t\t<\/span>\n\t\t\t\t\t\t\t\t\t\t\t\t<a class=\"elementor-toggle-title\" tabindex=\"0\">\u00c0 quoi sert la plate-forme ?<\/a>\n\t\t\t\t\t<\/div>\n\n\t\t\t\t\t<div id=\"elementor-tab-content-7805\" class=\"elementor-tab-content elementor-clearfix\" data-tab=\"5\" role=\"region\" aria-labelledby=\"elementor-tab-title-7805\"><p><span data-contrast=\"auto\">La plateforme soutient votre coaching en&#8230;<\/span> <\/p>\n<ul>\n<li data-aria-posinset=\"1\" data-aria-level=\"2\"><span data-contrast=\"auto\">votre coaching par votre coach personnel sur cette plateforme <\/span><b><br \/>\n  <span data-contrast=\"auto\">document\u00e9<\/span><br \/>\n<\/b><span data-contrast=\"auto\"> est enregistr\u00e9,<\/span> <\/li>\n<li data-aria-posinset=\"2\" data-aria-level=\"2\"><span data-contrast=\"auto\">Vous avez de la valeur, <\/span><b><br \/>\n  <span data-contrast=\"auto\">des recommandations et des conseils personnalis\u00e9s<\/span><br \/>\n<\/b><span data-contrast=\"auto\"> de votre coach,<\/span> <\/li>\n<li data-aria-posinset=\"3\" data-aria-level=\"2\"><span data-contrast=\"auto\">vous avez convenu ensemble<\/span><b><br \/>\n  <span data-contrast=\"auto\"> t\u00e2ches<\/span><br \/>\n<\/b><span data-contrast=\"auto\"> pouvoir confirmer sous \u00ab\u00a0Tableau de bord<\/span> <\/li>\n<li data-aria-posinset=\"4\" data-aria-level=\"2\"><span data-contrast=\"auto\">Vous <\/span><b><br \/>\n  <span data-contrast=\"auto\">poser des questions<\/span><br \/>\n<\/b><span data-contrast=\"auto\"> poser des questions \u00e0 votre coach<\/span> <\/li>\n<li data-aria-posinset=\"5\" data-aria-level=\"2\"><span data-contrast=\"auto\">et vos <\/span><b><br \/>\n  <span data-contrast=\"auto\">donn\u00e9es soient s\u00e9curis\u00e9es<\/span><br \/>\n<\/b><span data-contrast=\"auto\"> sont stock\u00e9es.<\/span> <\/li>\n<\/ul>\n<\/div>\n\t\t\t\t<\/div>\n\t\t\t\t\t\t\t<div class=\"elementor-toggle-item\">\n\t\t\t\t\t<div id=\"elementor-tab-title-7806\" class=\"elementor-tab-title\" data-tab=\"6\" role=\"button\" aria-controls=\"elementor-tab-content-7806\" aria-expanded=\"false\">\n\t\t\t\t\t\t\t\t\t\t\t\t<span class=\"elementor-toggle-icon elementor-toggle-icon-left\" aria-hidden=\"true\">\n\t\t\t\t\t\t\t\t\t\t\t\t\t\t\t<span class=\"elementor-toggle-icon-closed\"><i class=\"fas fa-caret-right\"><\/i><\/span>\n\t\t\t\t\t\t\t\t<span class=\"elementor-toggle-icon-opened\"><i class=\"elementor-toggle-icon-opened fas fa-caret-up\"><\/i><\/span>\n\t\t\t\t\t\t\t\t\t\t\t\t\t<\/span>\n\t\t\t\t\t\t\t\t\t\t\t\t<a class=\"elementor-toggle-title\" tabindex=\"0\">O\u00f9 puis-je m'adresser si j'ai des questions ?<\/a>\n\t\t\t\t\t<\/div>\n\n\t\t\t\t\t<div id=\"elementor-tab-content-7806\" class=\"elementor-tab-content elementor-clearfix\" data-tab=\"6\" role=\"region\" aria-labelledby=\"elementor-tab-title-7806\"><p>info@salutacoach.ch<\/p>\n<p>0800 190 190<\/p>\n<\/div>\n\t\t\t\t<\/div>\n\t\t\t\t\t\t\t\t<\/div>\n\t\t\t\t\t\t<\/div>\n\t\t\t\t<\/div>\n\t\t\t\t<\/div>\n\t\t\t\t\t<\/div>\n\t\t\t\t<\/div>\n\t\t<div data-particle_enable=\"false\" data-particle-mobile-disabled=\"false\" class=\"elementor-element elementor-element-531e6ab1 e-flex e-con-boxed elementor-invisible e-con e-parent\" data-id=\"531e6ab1\" data-element_type=\"container\" data-e-type=\"container\" data-settings=\"{&quot;background_background&quot;:&quot;classic&quot;,&quot;animation&quot;:&quot;fadeIn&quot;}\">\n\t\t\t\t\t<div class=\"e-con-inner\">\n\t\t<div data-particle_enable=\"false\" data-particle-mobile-disabled=\"false\" class=\"elementor-element elementor-element-1df0b44 e-con-full e-flex e-con e-child\" data-id=\"1df0b44\" data-element_type=\"container\" data-e-type=\"container\" data-settings=\"{&quot;background_background&quot;:&quot;classic&quot;}\">\n\t\t<div data-particle_enable=\"false\" data-particle-mobile-disabled=\"false\" class=\"elementor-element elementor-element-2729dadb e-con-full e-flex e-con e-child\" data-id=\"2729dadb\" data-element_type=\"container\" data-e-type=\"container\">\n\t\t\t\t<div class=\"elementor-element elementor-element-5321c1a1 elementor-widget elementor-widget-heading\" data-id=\"5321c1a1\" data-element_type=\"widget\" data-e-type=\"widget\" data-widget_type=\"heading.default\">\n\t\t\t\t<div class=\"elementor-widget-container\">\n\t\t\t\t\t<h2 class=\"elementor-heading-title elementor-size-default\">  Apprenez \u00e0 nous conna\u00eetre.<\/h2>\t\t\t\t<\/div>\n\t\t\t\t<\/div>\n\t\t\t\t<div class=\"elementor-element elementor-element-43b3f8da elementor-widget elementor-widget-heading\" data-id=\"43b3f8da\" data-element_type=\"widget\" data-e-type=\"widget\" data-widget_type=\"heading.default\">\n\t\t\t\t<div class=\"elementor-widget-container\">\n\t\t\t\t\t<h5 class=\"elementor-heading-title elementor-size-default\">Entretien de pr\u00e9sentation gratuit \ud83d\ude80<\/h5>\t\t\t\t<\/div>\n\t\t\t\t<\/div>\n\t\t\t\t<div class=\"elementor-element elementor-element-602f36d4 elementor-widget elementor-widget-text-editor\" data-id=\"602f36d4\" data-element_type=\"widget\" data-e-type=\"widget\" data-widget_type=\"text-editor.default\">\n\t\t\t\t<div class=\"elementor-widget-container\">\n\t\t\t\t\t\t\t\t\t<p><span style=\"color: var( --e-global-color-text ); font-family: var( --e-global-typography-text-font-family ), Sans-serif; font-weight: var( --e-global-typography-text-font-weight );\">Lors d&rsquo;un premier entretien de conseil, nous vous expliquerons comment fonctionne SalutaCoach et o\u00f9 nous pouvons vous aider.<\/span><\/p>\t\t\t\t\t\t\t\t<\/div>\n\t\t\t\t<\/div>\n\t\t\t\t<div class=\"elementor-element elementor-element-508253f9 elementor-widget elementor-widget-button\" data-id=\"508253f9\" data-element_type=\"widget\" data-e-type=\"widget\" data-widget_type=\"button.default\">\n\t\t\t\t<div class=\"elementor-widget-container\">\n\t\t\t\t\t\t\t\t\t<div class=\"elementor-button-wrapper\">\n\t\t\t\t\t<a class=\"elementor-button elementor-button-link elementor-size-lg\" href=\"https:\/\/outlook.office365.com\/owa\/calendar\/HelloSalutaCoach@salutacoach.ch\/bookings\/\" target=\"_blank\">\n\t\t\t\t\t\t<span class=\"elementor-button-content-wrapper\">\n\t\t\t\t\t\t\t\t\t<span class=\"elementor-button-text\">R\u00e9server un rendez-vous<\/span>\n\t\t\t\t\t<\/span>\n\t\t\t\t\t<\/a>\n\t\t\t\t<\/div>\n\t\t\t\t\t\t\t\t<\/div>\n\t\t\t\t<\/div>\n\t\t\t\t<\/div>\n\t\t<div data-particle_enable=\"false\" data-particle-mobile-disabled=\"false\" class=\"elementor-element elementor-element-46369676 e-con-full e-flex e-con e-child\" data-id=\"46369676\" data-element_type=\"container\" data-e-type=\"container\">\n\t\t<div data-particle_enable=\"false\" data-particle-mobile-disabled=\"false\" class=\"elementor-element elementor-element-76e61918 e-flex e-con-boxed e-con e-child\" data-id=\"76e61918\" data-element_type=\"container\" data-e-type=\"container\">\n\t\t\t\t\t<div class=\"e-con-inner\">\n\t\t<div data-particle_enable=\"false\" data-particle-mobile-disabled=\"false\" class=\"elementor-element elementor-element-53f8c564 e-flex e-con-boxed e-con e-child\" data-id=\"53f8c564\" data-element_type=\"container\" data-e-type=\"container\">\n\t\t\t\t\t<div class=\"e-con-inner\">\n\t\t\t\t<div class=\"elementor-element elementor-element-42d76b39 elementor-widget elementor-widget-image\" data-id=\"42d76b39\" data-element_type=\"widget\" data-e-type=\"widget\" data-widget_type=\"image.default\">\n\t\t\t\t<div class=\"elementor-widget-container\">\n\t\t\t\t\t\t\t\t\t\t\t\t\t\t\t<img decoding=\"async\" src=\"https:\/\/www.salutacoach.ch\/wp-content\/uploads\/elementor\/thumbs\/Anja-quadrat-scaled-pxsunuqp35g1zia634fj5oqjmxh3wbv80u3tnridtc.jpg\" title=\"Anja carr\u00e9\" alt=\"Anja carr\u00e9\" loading=\"lazy\" \/>\t\t\t\t\t\t\t\t\t\t\t\t\t\t\t<\/div>\n\t\t\t\t<\/div>\n\t\t\t\t\t<\/div>\n\t\t\t\t<\/div>\n\t\t<div data-particle_enable=\"false\" data-particle-mobile-disabled=\"false\" class=\"elementor-element elementor-element-42b988ca e-flex e-con-boxed e-con e-child\" data-id=\"42b988ca\" data-element_type=\"container\" data-e-type=\"container\">\n\t\t\t\t\t<div class=\"e-con-inner\">\n\t\t\t\t<div class=\"elementor-element elementor-element-4e30928f elementor-widget elementor-widget-heading\" data-id=\"4e30928f\" data-element_type=\"widget\" data-e-type=\"widget\" data-widget_type=\"heading.default\">\n\t\t\t\t<div class=\"elementor-widget-container\">\n\t\t\t\t\t<h5 class=\"elementor-heading-title elementor-size-default\">Anja Amann<\/h5>\t\t\t\t<\/div>\n\t\t\t\t<\/div>\n\t\t\t\t<div class=\"elementor-element elementor-element-669d9a4c elementor-widget elementor-widget-heading\" data-id=\"669d9a4c\" data-element_type=\"widget\" data-e-type=\"widget\" data-widget_type=\"heading.default\">\n\t\t\t\t<div class=\"elementor-widget-container\">\n\t\t\t\t\t<h6 class=\"elementor-heading-title elementor-size-default\">Coach en sant\u00e9 personnelle et membre de la direction<\/h6>\t\t\t\t<\/div>\n\t\t\t\t<\/div>\n\t\t\t\t\t<\/div>\n\t\t\t\t<\/div>\n\t\t\t\t\t<\/div>\n\t\t\t\t<\/div>\n\t\t\t\t<div class=\"elementor-element elementor-element-7a095536 elementor-widget elementor-widget-heading\" data-id=\"7a095536\" data-element_type=\"widget\" data-e-type=\"widget\" data-widget_type=\"heading.default\">\n\t\t\t\t<div class=\"elementor-widget-container\">\n\t\t\t\t\t<h5 class=\"elementor-heading-title elementor-size-default\">0800 190 190<br>info@salutacoach.ch<\/h5>\t\t\t\t<\/div>\n\t\t\t\t<\/div>\n\t\t\t\t<div class=\"elementor-element elementor-element-1b38619f elementor-widget elementor-widget-text-editor\" data-id=\"1b38619f\" data-element_type=\"widget\" data-e-type=\"widget\" data-widget_type=\"text-editor.default\">\n\t\t\t\t<div class=\"elementor-widget-container\">\n\t\t\t\t\t\t\t\t\t<p>Lundi &#8211; vendredi : <br>08h00 &#8211; 18h00<\/p>\t\t\t\t\t\t\t\t<\/div>\n\t\t\t\t<\/div>\n\t\t\t\t<\/div>\n\t\t\t\t<\/div>\n\t\t\t\t\t<\/div>\n\t\t\t\t<\/div>\n\t\t<div data-particle_enable=\"false\" data-particle-mobile-disabled=\"false\" class=\"elementor-element elementor-element-9fa9208 e-flex e-con-boxed elementor-invisible e-con e-parent\" data-id=\"9fa9208\" data-element_type=\"container\" data-e-type=\"container\" data-settings=\"{&quot;animation&quot;:&quot;fadeIn&quot;}\">\n\t\t\t\t\t<div class=\"e-con-inner\">\n\t\t\t\t<div class=\"elementor-element elementor-element-41766b2a elementor-widget elementor-widget-heading\" data-id=\"41766b2a\" data-element_type=\"widget\" data-e-type=\"widget\" data-widget_type=\"heading.default\">\n\t\t\t\t<div class=\"elementor-widget-container\">\n\t\t\t\t\t<h2 class=\"elementor-heading-title elementor-size-default\">Coaching comportemental et sant\u00e9<\/h2>\t\t\t\t<\/div>\n\t\t\t\t<\/div>\n\t\t\t\t\t<\/div>\n\t\t\t\t<\/div>\n\t\t\t\t<section data-particle_enable=\"false\" data-particle-mobile-disabled=\"false\" class=\"elementor-section elementor-top-section elementor-element elementor-element-4abb222b elementor-section-boxed elementor-section-height-default elementor-section-height-default elementor-invisible\" data-id=\"4abb222b\" data-element_type=\"section\" data-e-type=\"section\" data-settings=\"{&quot;animation&quot;:&quot;fadeIn&quot;}\">\n\t\t\t\t\t\t<div class=\"elementor-container elementor-column-gap-default\">\n\t\t\t\t\t<div class=\"elementor-column elementor-col-50 elementor-top-column elementor-element elementor-element-65342b4a\" data-id=\"65342b4a\" data-element_type=\"column\" data-e-type=\"column\">\n\t\t\t<div class=\"elementor-widget-wrap elementor-element-populated\">\n\t\t\t\t\t\t<div class=\"elementor-element elementor-element-1afe9301 elementor-widget elementor-widget-text-editor\" data-id=\"1afe9301\" data-element_type=\"widget\" data-e-type=\"widget\" data-widget_type=\"text-editor.default\">\n\t\t\t\t<div class=\"elementor-widget-container\">\n\t\t\t\t\t\t\t\t\t<p>Fischer et al. (2019). Coaching par t\u00e9l\u00e9phone et encouragement \u00e0 l&rsquo;activit\u00e9 physique : r\u00e9sultats \u00e0 court et \u00e0 long terme d&rsquo;un essai contr\u00f4l\u00e9 randomis\u00e9 (Movingcall).<\/p><p><a href=\"https:\/\/pubmed.ncbi.nlm.nih.gov\/31340528\/\" target=\"_blank\" rel=\"noopener\">Plus<\/a><\/p>\t\t\t\t\t\t\t\t<\/div>\n\t\t\t\t<\/div>\n\t\t\t\t<div class=\"elementor-element elementor-element-275562e2 elementor-widget elementor-widget-text-editor\" data-id=\"275562e2\" data-element_type=\"widget\" data-e-type=\"widget\" data-widget_type=\"text-editor.default\">\n\t\t\t\t<div class=\"elementor-widget-container\">\n\t\t\t\t\t\t\t\t\t<p>Michie S et al. (2009). Techniques efficaces dans les interventions en mati\u00e8re d&rsquo;alimentation saine et d&rsquo;activit\u00e9 physique : une m\u00e9ta-r\u00e9gression.<\/p><p><a href=\"https:\/\/pubmed.ncbi.nlm.nih.gov\/19916637\/\" target=\"_blank\" rel=\"noopener\">Plus<\/a><\/p>\t\t\t\t\t\t\t\t<\/div>\n\t\t\t\t<\/div>\n\t\t\t\t<div class=\"elementor-element elementor-element-1bb10bf7 elementor-widget elementor-widget-text-editor\" data-id=\"1bb10bf7\" data-element_type=\"widget\" data-e-type=\"widget\" data-widget_type=\"text-editor.default\">\n\t\t\t\t<div class=\"elementor-widget-container\">\n\t\t\t\t\t\t\t\t\t<p>Bond et al. (2014). B-MOBILE-a smartphone-based intervention to reduce sedentary time in overweight\/obese individuals : a within-subjects experimental trial.<\/p><p><a href=\"https:\/\/pubmed.ncbi.nlm.nih.gov\/24964010\/\" target=\"_blank\" rel=\"noopener\">Plus<\/a><\/p>\t\t\t\t\t\t\t\t<\/div>\n\t\t\t\t<\/div>\n\t\t\t\t\t<\/div>\n\t\t<\/div>\n\t\t\t\t<div class=\"elementor-column elementor-col-50 elementor-top-column elementor-element elementor-element-2c834736\" data-id=\"2c834736\" data-element_type=\"column\" data-e-type=\"column\">\n\t\t\t<div class=\"elementor-widget-wrap elementor-element-populated\">\n\t\t\t\t\t\t<div class=\"elementor-element elementor-element-3515be5e elementor-widget elementor-widget-text-editor\" data-id=\"3515be5e\" data-element_type=\"widget\" data-e-type=\"widget\" data-widget_type=\"text-editor.default\">\n\t\t\t\t<div class=\"elementor-widget-container\">\n\t\t\t\t\t\t\t\t\t<p>Kivel\u00e4 K, Elo S, Kyng\u00e4s H, K\u00e4\u00e4ri\u00e4inen M. The effects of health coaching on adult patients with chronic diseases : a systematic review. Patient Educ Couns. 2014 Nov;97(2):147-57.<\/p><p><a href=\"https:\/\/pubmed.ncbi.nlm.nih.gov\/25127667\/\" target=\"_blank\" rel=\"noopener\">Plus<\/a><\/p>\t\t\t\t\t\t\t\t<\/div>\n\t\t\t\t<\/div>\n\t\t\t\t<div class=\"elementor-element elementor-element-67a72a92 elementor-widget elementor-widget-text-editor\" data-id=\"67a72a92\" data-element_type=\"widget\" data-e-type=\"widget\" data-widget_type=\"text-editor.default\">\n\t\t\t\t<div class=\"elementor-widget-container\">\n\t\t\t\t\t\t\t\t\t<p>Rutten et al. (2014). The contribution of lifestyle coaching of overweight patients in primary care to more autonomous motivation for physical activity and healthy dietary behaviour : results of a longitudinal study.<\/p><p><a href=\"https:\/\/pubmed.ncbi.nlm.nih.gov\/25027848\/\" target=\"_blank\" rel=\"noopener\">Plus<\/a><\/p>\t\t\t\t\t\t\t\t<\/div>\n\t\t\t\t<\/div>\n\t\t\t\t<div class=\"elementor-element elementor-element-4331c2fe elementor-widget elementor-widget-text-editor\" data-id=\"4331c2fe\" data-element_type=\"widget\" data-e-type=\"widget\" data-widget_type=\"text-editor.default\">\n\t\t\t\t<div class=\"elementor-widget-container\">\n\t\t\t\t\t\t\t\t\t<p>Espeland et al. (2014). Impact d&rsquo;une intervention intensive sur le mode de vie sur l&rsquo;utilisation et le co\u00fbt des services m\u00e9dicaux chez les adultes ob\u00e8ses et en surpoids atteints de diab\u00e8te de type 2 : l&rsquo;Action pour la sant\u00e9 dans le diab\u00e8te.<\/p><p><a href=\"https:\/\/pubmed.ncbi.nlm.nih.gov\/25147253\/\" target=\"_blank\" rel=\"noopener\">Plus<\/a><\/p>\t\t\t\t\t\t\t\t<\/div>\n\t\t\t\t<\/div>\n\t\t\t\t\t<\/div>\n\t\t<\/div>\n\t\t\t\t\t<\/div>\n\t\t<\/section>\n\t\t\t\t<\/div>\n\t\t","protected":false},"excerpt":{"rendered":"<p>Coaching sant\u00e9 personnel ? Foire aux questions Contribution aux frais de l&rsquo;assurance maladie Pourquoi phc ? Plate-forme Le coaching de sant\u00e9 personnel ou coaching de sant\u00e9 est une m\u00e9thode de coaching encore assez peu connue. D\u00e9couvrez les nombreux avantages de cette m\u00e9thode de coaching innovante et efficace. Combien ma caisse maladie paie-t-elle ? Le Personal [&hellip;]<\/p>\n","protected":false},"author":3,"featured_media":0,"parent":0,"menu_order":0,"comment_status":"closed","ping_status":"closed","template":"elementor_header_footer","meta":{"_acf_changed":false,"footnotes":""},"class_list":["post-23957","page","type-page","status-publish","hentry"],"acf":[],"yoast_head":"<!-- This site is optimized with the Yoast SEO plugin v27.5 - https:\/\/yoast.com\/product\/yoast-seo-wordpress\/ -->\n<title>FAQ - SalutaCoach<\/title>\n<meta name=\"description\" content=\"Coaching de sant\u00e9 personnel - qu&#039;est-ce que c&#039;est ? Le coaching est-il pris en charge par l&#039;assurance ?\" \/>\n<meta name=\"robots\" content=\"index, follow, max-snippet:-1, max-image-preview:large, max-video-preview:-1\" \/>\n<link rel=\"canonical\" href=\"https:\/\/www.salutacoach.ch\/fr\/foire-aux-questions\/\" \/>\n<meta property=\"og:locale\" content=\"fr_FR\" \/>\n<meta property=\"og:type\" content=\"article\" \/>\n<meta property=\"og:title\" content=\"FAQ - SalutaCoach\" \/>\n<meta property=\"og:description\" content=\"Coaching de sant\u00e9 personnel - qu&#039;est-ce que c&#039;est ? Le coaching est-il pris en charge par l&#039;assurance ?\" \/>\n<meta property=\"og:url\" content=\"https:\/\/www.salutacoach.ch\/fr\/foire-aux-questions\/\" \/>\n<meta property=\"og:site_name\" content=\"SalutaCoach\" \/>\n<meta property=\"article:publisher\" content=\"https:\/\/www.facebook.com\/salutacoach\" \/>\n<meta property=\"article:modified_time\" content=\"2026-02-10T17:12:42+00:00\" \/>\n<meta property=\"og:image\" content=\"https:\/\/www.salutacoach.ch\/wp-content\/uploads\/elementor\/thumbs\/Anja-quadrat-scaled-pxsunuqp35g1zia634fj5oqjmxh3wbv80u3tnridtc.jpg\" \/>\n<meta name=\"twitter:card\" content=\"summary_large_image\" \/>\n<meta name=\"twitter:label1\" content=\"Dur\u00e9e de lecture estim\u00e9e\" \/>\n\t<meta name=\"twitter:data1\" content=\"16 minutes\" \/>\n<script type=\"application\/ld+json\" class=\"yoast-schema-graph\">{\"@context\":\"https:\\\/\\\/schema.org\",\"@graph\":[{\"@type\":\"WebPage\",\"@id\":\"https:\\\/\\\/www.salutacoach.ch\\\/fr\\\/foire-aux-questions\\\/\",\"url\":\"https:\\\/\\\/www.salutacoach.ch\\\/fr\\\/foire-aux-questions\\\/\",\"name\":\"FAQ - SalutaCoach\",\"isPartOf\":{\"@id\":\"https:\\\/\\\/www.salutacoach.ch\\\/#website\"},\"primaryImageOfPage\":{\"@id\":\"https:\\\/\\\/www.salutacoach.ch\\\/fr\\\/foire-aux-questions\\\/#primaryimage\"},\"image\":{\"@id\":\"https:\\\/\\\/www.salutacoach.ch\\\/fr\\\/foire-aux-questions\\\/#primaryimage\"},\"thumbnailUrl\":\"https:\\\/\\\/www.salutacoach.ch\\\/wp-content\\\/uploads\\\/elementor\\\/thumbs\\\/Anja-quadrat-scaled-pxsunuqp35g1zia634fj5oqjmxh3wbv80u3tnridtc.jpg\",\"datePublished\":\"2023-11-18T15:30:57+00:00\",\"dateModified\":\"2026-02-10T17:12:42+00:00\",\"description\":\"Coaching de sant\u00e9 personnel - qu'est-ce que c'est ? Le coaching est-il pris en charge par l'assurance ?\",\"breadcrumb\":{\"@id\":\"https:\\\/\\\/www.salutacoach.ch\\\/fr\\\/foire-aux-questions\\\/#breadcrumb\"},\"inLanguage\":\"fr-FR\",\"potentialAction\":[{\"@type\":\"ReadAction\",\"target\":[\"https:\\\/\\\/www.salutacoach.ch\\\/fr\\\/foire-aux-questions\\\/\"]}]},{\"@type\":\"ImageObject\",\"inLanguage\":\"fr-FR\",\"@id\":\"https:\\\/\\\/www.salutacoach.ch\\\/fr\\\/foire-aux-questions\\\/#primaryimage\",\"url\":\"https:\\\/\\\/www.salutacoach.ch\\\/wp-content\\\/uploads\\\/elementor\\\/thumbs\\\/Anja-quadrat-scaled-pxsunuqp35g1zia634fj5oqjmxh3wbv80u3tnridtc.jpg\",\"contentUrl\":\"https:\\\/\\\/www.salutacoach.ch\\\/wp-content\\\/uploads\\\/elementor\\\/thumbs\\\/Anja-quadrat-scaled-pxsunuqp35g1zia634fj5oqjmxh3wbv80u3tnridtc.jpg\"},{\"@type\":\"BreadcrumbList\",\"@id\":\"https:\\\/\\\/www.salutacoach.ch\\\/fr\\\/foire-aux-questions\\\/#breadcrumb\",\"itemListElement\":[{\"@type\":\"ListItem\",\"position\":1,\"name\":\"Startseite\",\"item\":\"https:\\\/\\\/www.salutacoach.ch\\\/\"},{\"@type\":\"ListItem\",\"position\":2,\"name\":\"FAQ\"}]},{\"@type\":\"WebSite\",\"@id\":\"https:\\\/\\\/www.salutacoach.ch\\\/#website\",\"url\":\"https:\\\/\\\/www.salutacoach.ch\\\/\",\"name\":\"SalutaCoach\",\"description\":\"Personal Health Coaching\",\"publisher\":{\"@id\":\"https:\\\/\\\/www.salutacoach.ch\\\/#organization\"},\"potentialAction\":[{\"@type\":\"SearchAction\",\"target\":{\"@type\":\"EntryPoint\",\"urlTemplate\":\"https:\\\/\\\/www.salutacoach.ch\\\/?s={search_term_string}\"},\"query-input\":{\"@type\":\"PropertyValueSpecification\",\"valueRequired\":true,\"valueName\":\"search_term_string\"}}],\"inLanguage\":\"fr-FR\"},{\"@type\":\"Organization\",\"@id\":\"https:\\\/\\\/www.salutacoach.ch\\\/#organization\",\"name\":\"Salutacoach AG\",\"url\":\"https:\\\/\\\/www.salutacoach.ch\\\/\",\"logo\":{\"@type\":\"ImageObject\",\"inLanguage\":\"fr-FR\",\"@id\":\"https:\\\/\\\/www.salutacoach.ch\\\/#\\\/schema\\\/logo\\\/image\\\/\",\"url\":\"https:\\\/\\\/www.salutacoach.ch\\\/wp-content\\\/uploads\\\/2021\\\/01\\\/saluta_logo.png\",\"contentUrl\":\"https:\\\/\\\/www.salutacoach.ch\\\/wp-content\\\/uploads\\\/2021\\\/01\\\/saluta_logo.png\",\"width\":900,\"height\":413,\"caption\":\"Salutacoach AG\"},\"image\":{\"@id\":\"https:\\\/\\\/www.salutacoach.ch\\\/#\\\/schema\\\/logo\\\/image\\\/\"},\"sameAs\":[\"https:\\\/\\\/www.facebook.com\\\/salutacoach\",\"https:\\\/\\\/www.instagram.com\\\/salutacoach\\\/\",\"https:\\\/\\\/www.linkedin.com\\\/company\\\/salutacoach-ag\"]}]}<\/script>\n<!-- \/ Yoast SEO plugin. -->","yoast_head_json":{"title":"FAQ - SalutaCoach","description":"Coaching de sant\u00e9 personnel - qu'est-ce que c'est ? Le coaching est-il pris en charge par l'assurance ?","robots":{"index":"index","follow":"follow","max-snippet":"max-snippet:-1","max-image-preview":"max-image-preview:large","max-video-preview":"max-video-preview:-1"},"canonical":"https:\/\/www.salutacoach.ch\/fr\/foire-aux-questions\/","og_locale":"fr_FR","og_type":"article","og_title":"FAQ - SalutaCoach","og_description":"Coaching de sant\u00e9 personnel - qu'est-ce que c'est ? Le coaching est-il pris en charge par l'assurance ?","og_url":"https:\/\/www.salutacoach.ch\/fr\/foire-aux-questions\/","og_site_name":"SalutaCoach","article_publisher":"https:\/\/www.facebook.com\/salutacoach","article_modified_time":"2026-02-10T17:12:42+00:00","og_image":[{"url":"https:\/\/www.salutacoach.ch\/wp-content\/uploads\/elementor\/thumbs\/Anja-quadrat-scaled-pxsunuqp35g1zia634fj5oqjmxh3wbv80u3tnridtc.jpg","type":"","width":"","height":""}],"twitter_card":"summary_large_image","twitter_misc":{"Dur\u00e9e de lecture estim\u00e9e":"16 minutes"},"schema":{"@context":"https:\/\/schema.org","@graph":[{"@type":"WebPage","@id":"https:\/\/www.salutacoach.ch\/fr\/foire-aux-questions\/","url":"https:\/\/www.salutacoach.ch\/fr\/foire-aux-questions\/","name":"FAQ - SalutaCoach","isPartOf":{"@id":"https:\/\/www.salutacoach.ch\/#website"},"primaryImageOfPage":{"@id":"https:\/\/www.salutacoach.ch\/fr\/foire-aux-questions\/#primaryimage"},"image":{"@id":"https:\/\/www.salutacoach.ch\/fr\/foire-aux-questions\/#primaryimage"},"thumbnailUrl":"https:\/\/www.salutacoach.ch\/wp-content\/uploads\/elementor\/thumbs\/Anja-quadrat-scaled-pxsunuqp35g1zia634fj5oqjmxh3wbv80u3tnridtc.jpg","datePublished":"2023-11-18T15:30:57+00:00","dateModified":"2026-02-10T17:12:42+00:00","description":"Coaching de sant\u00e9 personnel - qu'est-ce que c'est ? Le coaching est-il pris en charge par l'assurance ?","breadcrumb":{"@id":"https:\/\/www.salutacoach.ch\/fr\/foire-aux-questions\/#breadcrumb"},"inLanguage":"fr-FR","potentialAction":[{"@type":"ReadAction","target":["https:\/\/www.salutacoach.ch\/fr\/foire-aux-questions\/"]}]},{"@type":"ImageObject","inLanguage":"fr-FR","@id":"https:\/\/www.salutacoach.ch\/fr\/foire-aux-questions\/#primaryimage","url":"https:\/\/www.salutacoach.ch\/wp-content\/uploads\/elementor\/thumbs\/Anja-quadrat-scaled-pxsunuqp35g1zia634fj5oqjmxh3wbv80u3tnridtc.jpg","contentUrl":"https:\/\/www.salutacoach.ch\/wp-content\/uploads\/elementor\/thumbs\/Anja-quadrat-scaled-pxsunuqp35g1zia634fj5oqjmxh3wbv80u3tnridtc.jpg"},{"@type":"BreadcrumbList","@id":"https:\/\/www.salutacoach.ch\/fr\/foire-aux-questions\/#breadcrumb","itemListElement":[{"@type":"ListItem","position":1,"name":"Startseite","item":"https:\/\/www.salutacoach.ch\/"},{"@type":"ListItem","position":2,"name":"FAQ"}]},{"@type":"WebSite","@id":"https:\/\/www.salutacoach.ch\/#website","url":"https:\/\/www.salutacoach.ch\/","name":"SalutaCoach","description":"Personal Health Coaching","publisher":{"@id":"https:\/\/www.salutacoach.ch\/#organization"},"potentialAction":[{"@type":"SearchAction","target":{"@type":"EntryPoint","urlTemplate":"https:\/\/www.salutacoach.ch\/?s={search_term_string}"},"query-input":{"@type":"PropertyValueSpecification","valueRequired":true,"valueName":"search_term_string"}}],"inLanguage":"fr-FR"},{"@type":"Organization","@id":"https:\/\/www.salutacoach.ch\/#organization","name":"Salutacoach AG","url":"https:\/\/www.salutacoach.ch\/","logo":{"@type":"ImageObject","inLanguage":"fr-FR","@id":"https:\/\/www.salutacoach.ch\/#\/schema\/logo\/image\/","url":"https:\/\/www.salutacoach.ch\/wp-content\/uploads\/2021\/01\/saluta_logo.png","contentUrl":"https:\/\/www.salutacoach.ch\/wp-content\/uploads\/2021\/01\/saluta_logo.png","width":900,"height":413,"caption":"Salutacoach AG"},"image":{"@id":"https:\/\/www.salutacoach.ch\/#\/schema\/logo\/image\/"},"sameAs":["https:\/\/www.facebook.com\/salutacoach","https:\/\/www.instagram.com\/salutacoach\/","https:\/\/www.linkedin.com\/company\/salutacoach-ag"]}]}},"_links":{"self":[{"href":"https:\/\/www.salutacoach.ch\/fr\/wp-json\/wp\/v2\/pages\/23957","targetHints":{"allow":["GET"]}}],"collection":[{"href":"https:\/\/www.salutacoach.ch\/fr\/wp-json\/wp\/v2\/pages"}],"about":[{"href":"https:\/\/www.salutacoach.ch\/fr\/wp-json\/wp\/v2\/types\/page"}],"author":[{"embeddable":true,"href":"https:\/\/www.salutacoach.ch\/fr\/wp-json\/wp\/v2\/users\/3"}],"replies":[{"embeddable":true,"href":"https:\/\/www.salutacoach.ch\/fr\/wp-json\/wp\/v2\/comments?post=23957"}],"version-history":[{"count":2,"href":"https:\/\/www.salutacoach.ch\/fr\/wp-json\/wp\/v2\/pages\/23957\/revisions"}],"predecessor-version":[{"id":46518,"href":"https:\/\/www.salutacoach.ch\/fr\/wp-json\/wp\/v2\/pages\/23957\/revisions\/46518"}],"wp:attachment":[{"href":"https:\/\/www.salutacoach.ch\/fr\/wp-json\/wp\/v2\/media?parent=23957"}],"curies":[{"name":"wp","href":"https:\/\/api.w.org\/{rel}","templated":true}]}}